{"id":15233,"date":"2021-08-30T23:42:20","date_gmt":"2021-08-30T21:42:20","guid":{"rendered":"https:\/\/www.humanistische-union.de\/?page_id=15233"},"modified":"2026-05-07T13:51:20","modified_gmt":"2026-05-07T11:51:20","slug":"shop","status":"publish","type":"page","link":"https:\/\/www.humanistische-union.de\/service\/shop\/","title":{"rendered":"Shop"},"content":{"rendered":"<p>Herzlich Willkommen im Online-Shop der Humanistischen Union!<\/p>\n<p>Auf diesen Seiten k\u00f6nnen Sie ausgew\u00e4hlte Zeitschriften, B\u00fccher und andere Publikationen der HU erwerben. F\u00fcr die Suche nach einzelnen Artikeln benutzen Sie bitte die Auswahl im rechten Men\u00fc.<\/p>\n<p>Sollten Sie Fragen zur Benutzung des Online-Shops haben oder andere Ver\u00f6ffentlichungen der Humanistischen Union suchen, die hier nicht aufgef\u00fchrt sind, k\u00f6nnen Sie sich an die Bundesgesch\u00e4ftsstelle der HU wenden (<a href=\"wir_ueber_uns\/kontakt\/\">Kontakt<\/a>).<\/p>\n<p>F\u00fcr die Benutzung des Online-Shops m\u00fcssen in Ihrem Browser Cookies aktiviert sein. Die darin gespeicherten Daten werden nur zur Abwicklung des Bestellvorgangs gespeichert und von uns weder ausgewertet noch an Dritte weitergegeben. F\u00fcr Ihre pers\u00f6nlichen Daten (Name, Anschrift, Telefon, E-Mail), die zur Lieferung der Publikationen gespeichert und verarbeitet werden, gilt unsere <a href=\"https:\/\/www.humanistische-union.de\/ueber-uns\/datenschutzordnung\/\" target=\"_blank\" rel=\"noopener\">Datenschutzordnung<\/a>.<\/p>\n<p><a href=\"https:\/\/www.humanistische-union.de\/service\/shop\/vorgaenge\/\"><img loading=\"lazy\" decoding=\"async\" width=\"915\" height=\"231\" class=\"aligncenter size-full wp-image-20424\" src=\"https:\/\/www.humanistische-union.de\/wp-content\/uploads\/2026\/03\/vorg253_cover_Logo.jpg\" alt=\"\" srcset=\"https:\/\/www.humanistische-union.de\/wp-content\/uploads\/2026\/03\/vorg253_cover_Logo.jpg 915w, https:\/\/www.humanistische-union.de\/wp-content\/uploads\/2026\/03\/vorg253_cover_Logo-600x151.jpg 600w, https:\/\/www.humanistische-union.de\/wp-content\/uploads\/2026\/03\/vorg253_cover_Logo-768x194.jpg 768w, https:\/\/www.humanistische-union.de\/wp-content\/uploads\/2026\/03\/vorg253_cover_Logo-800x202.jpg 800w, https:\/\/www.humanistische-union.de\/wp-content\/uploads\/2026\/03\/vorg253_cover_Logo-450x114.jpg 450w\" sizes=\"auto, (max-width: 915px) 100vw, 915px\" \/><\/a><\/p>\n<p>&nbsp;<\/p>\n<p><a href=\"https:\/\/www.humanistische-union.de\/service\/shop\/vorgaenge\/\"><strong>vor<\/strong><em>g\u00e4nge<\/em><\/a><\/p>\n<p><img loading=\"lazy\" decoding=\"async\" width=\"394\" height=\"145\" class=\"aligncenter size-full wp-image-20529\" src=\"https:\/\/www.humanistische-union.de\/wp-content\/uploads\/2026\/05\/Grundrechte-Report-2026.jpg\" alt=\"\" \/><\/p>\n<p><a href=\"https:\/\/www.humanistische-union.de\/service\/shop\/grundrechte-report\/\">Grundrechte-Report<\/a><\/p>\n<p>&nbsp;<\/p>\n<p><a href=\"https:\/\/www.humanistische-union.de\/service\/shop\/buecher\/\"><img loading=\"lazy\" decoding=\"async\" width=\"1707\" height=\"900\" class=\"aligncenter size-full wp-image-20334\" src=\"https:\/\/www.humanistische-union.de\/wp-content\/uploads\/2025\/12\/Buecherstapel-hochkant-unsplash-scaled-1-e1764668459551.jpg\" alt=\"\" srcset=\"https:\/\/www.humanistische-union.de\/wp-content\/uploads\/2025\/12\/Buecherstapel-hochkant-unsplash-scaled-1-e1764668459551.jpg 1707w, https:\/\/www.humanistische-union.de\/wp-content\/uploads\/2025\/12\/Buecherstapel-hochkant-unsplash-scaled-1-e1764668459551-600x316.jpg 600w, https:\/\/www.humanistische-union.de\/wp-content\/uploads\/2025\/12\/Buecherstapel-hochkant-unsplash-scaled-1-e1764668459551-1000x527.jpg 1000w, https:\/\/www.humanistische-union.de\/wp-content\/uploads\/2025\/12\/Buecherstapel-hochkant-unsplash-scaled-1-e1764668459551-768x405.jpg 768w, https:\/\/www.humanistische-union.de\/wp-content\/uploads\/2025\/12\/Buecherstapel-hochkant-unsplash-scaled-1-e1764668459551-1536x810.jpg 1536w, https:\/\/www.humanistische-union.de\/wp-content\/uploads\/2025\/12\/Buecherstapel-hochkant-unsplash-scaled-1-e1764668459551-800x422.jpg 800w, https:\/\/www.humanistische-union.de\/wp-content\/uploads\/2025\/12\/Buecherstapel-hochkant-unsplash-scaled-1-e1764668459551-450x237.jpg 450w\" sizes=\"auto, (max-width: 1707px) 100vw, 1707px\" \/><\/a><\/p>\n<p><a href=\"https:\/\/www.humanistische-union.de\/service\/shop\/buecher\/\">Weitere Publikationen<\/a><\/p>\n","protected":false},"excerpt":{"rendered":"<p>Herzlich Willkommen im Online-Shop der Humanistischen Union! Auf diesen Seiten k\u00f6nnen Sie ausgew\u00e4hlte Zeitschriften, B\u00fccher und andere Publikationen der HU erwerben. F\u00fcr die Suche nach einzelnen Artikeln benutzen Sie bitte die Auswahl im rechten Men\u00fc. Sollten Sie Fragen zur Benutzung des Online-Shops haben oder andere Ver\u00f6ffentlichungen der Humanistischen Union suchen, die hier nicht aufgef\u00fchrt sind, [weiterlesen]<\/p>\n","protected":false},"author":1,"featured_media":19780,"parent":6283,"menu_order":0,"comment_status":"closed","ping_status":"closed","template":"","meta":{"_acf_changed":false,"footnotes":""},"tags":[],"autoren":[],"class_list":["post-15233","page","type-page","status-publish","has-post-thumbnail","hentry"],"acf":[],"yoast_head":"<!-- This site is optimized with the Yoast SEO plugin v28.4 - https:\/\/yoast.com\/product\/yoast-seo-wordpress\/ -->\n<title>Shop - Humanistische Union<\/title>\n<meta name=\"robots\" content=\"index, follow, max-snippet:-1, max-image-preview:large, max-video-preview:-1\" \/>\n<link rel=\"canonical\" href=\"https:\/\/www.humanistische-union.de\/service\/shop\/\" \/>\n<meta property=\"og:locale\" content=\"de_DE\" \/>\n<meta property=\"og:type\" content=\"article\" \/>\n<meta property=\"og:title\" content=\"Shop - Humanistische Union\" \/>\n<meta property=\"og:description\" content=\"Herzlich Willkommen im Online-Shop der Humanistischen Union! Auf diesen Seiten k\u00f6nnen Sie ausgew\u00e4hlte Zeitschriften, B\u00fccher und andere Publikationen der HU erwerben. F\u00fcr die Suche nach einzelnen Artikeln benutzen Sie bitte die Auswahl im rechten Men\u00fc. Sollten Sie Fragen zur Benutzung des Online-Shops haben oder andere Ver\u00f6ffentlichungen der Humanistischen Union suchen, die hier nicht aufgef\u00fchrt sind, [weiterlesen]\" \/>\n<meta property=\"og:url\" content=\"https:\/\/www.humanistische-union.de\/service\/shop\/\" \/>\n<meta property=\"og:site_name\" content=\"Humanistische Union\" \/>\n<meta property=\"article:modified_time\" content=\"2026-05-07T11:51:20+00:00\" \/>\n<meta property=\"og:image\" content=\"https:\/\/www.humanistische-union.de\/wp-content\/uploads\/2025\/02\/pauline-loroy-tv8PIPPY3rQ-unsplash-scaled-e1740064786119.jpg\" \/>\n\t<meta property=\"og:image:width\" content=\"1500\" \/>\n\t<meta property=\"og:image:height\" content=\"1001\" \/>\n\t<meta property=\"og:image:type\" content=\"image\/jpeg\" \/>\n<meta name=\"twitter:card\" content=\"summary_large_image\" \/>\n<meta name=\"twitter:site\" content=\"@humunion\" \/>\n<meta name=\"twitter:label1\" content=\"Gesch\u00e4tzte Lesezeit\" \/>\n\t<meta name=\"twitter:data1\" content=\"2\u00a0Minuten\" \/>\n<script type=\"application\/ld+json\" class=\"yoast-schema-graph\">{\"@context\":\"https:\\\/\\\/schema.org\",\"@graph\":[{\"@type\":\"WebPage\",\"@id\":\"https:\\\/\\\/www.humanistische-union.de\\\/service\\\/shop\\\/\",\"url\":\"https:\\\/\\\/www.humanistische-union.de\\\/service\\\/shop\\\/\",\"name\":\"Shop - Humanistische Union\",\"isPartOf\":{\"@id\":\"https:\\\/\\\/www.humanistische-union.de\\\/#website\"},\"primaryImageOfPage\":{\"@id\":\"https:\\\/\\\/www.humanistische-union.de\\\/service\\\/shop\\\/#primaryimage\"},\"image\":{\"@id\":\"https:\\\/\\\/www.humanistische-union.de\\\/service\\\/shop\\\/#primaryimage\"},\"thumbnailUrl\":\"https:\\\/\\\/www.humanistische-union.de\\\/wp-content\\\/uploads\\\/2025\\\/02\\\/pauline-loroy-tv8PIPPY3rQ-unsplash-scaled-e1740064786119.jpg\",\"datePublished\":\"2021-08-30T21:42:20+00:00\",\"dateModified\":\"2026-05-07T11:51:20+00:00\",\"breadcrumb\":{\"@id\":\"https:\\\/\\\/www.humanistische-union.de\\\/service\\\/shop\\\/#breadcrumb\"},\"inLanguage\":\"de\",\"potentialAction\":[{\"@type\":\"ReadAction\",\"target\":[\"https:\\\/\\\/www.humanistische-union.de\\\/service\\\/shop\\\/\"]}]},{\"@type\":\"ImageObject\",\"inLanguage\":\"de\",\"@id\":\"https:\\\/\\\/www.humanistische-union.de\\\/service\\\/shop\\\/#primaryimage\",\"url\":\"https:\\\/\\\/www.humanistische-union.de\\\/wp-content\\\/uploads\\\/2025\\\/02\\\/pauline-loroy-tv8PIPPY3rQ-unsplash-scaled-e1740064786119.jpg\",\"contentUrl\":\"https:\\\/\\\/www.humanistische-union.de\\\/wp-content\\\/uploads\\\/2025\\\/02\\\/pauline-loroy-tv8PIPPY3rQ-unsplash-scaled-e1740064786119.jpg\",\"width\":1500,\"height\":1001},{\"@type\":\"BreadcrumbList\",\"@id\":\"https:\\\/\\\/www.humanistische-union.de\\\/service\\\/shop\\\/#breadcrumb\",\"itemListElement\":[{\"@type\":\"ListItem\",\"position\":1,\"name\":\"Service\",\"item\":\"https:\\\/\\\/www.humanistische-union.de\\\/service\\\/\"},{\"@type\":\"ListItem\",\"position\":2,\"name\":\"Shop\"}]},{\"@type\":\"WebSite\",\"@id\":\"https:\\\/\\\/www.humanistische-union.de\\\/#website\",\"url\":\"https:\\\/\\\/www.humanistische-union.de\\\/\",\"name\":\"Humanistische Union\",\"description\":\"\",\"publisher\":{\"@id\":\"https:\\\/\\\/www.humanistische-union.de\\\/#organization\"},\"potentialAction\":[{\"@type\":\"SearchAction\",\"target\":{\"@type\":\"EntryPoint\",\"urlTemplate\":\"https:\\\/\\\/www.humanistische-union.de\\\/?s={search_term_string}\"},\"query-input\":{\"@type\":\"PropertyValueSpecification\",\"valueRequired\":true,\"valueName\":\"search_term_string\"}}],\"inLanguage\":\"de\"},{\"@type\":\"Organization\",\"@id\":\"https:\\\/\\\/www.humanistische-union.de\\\/#organization\",\"name\":\"Humanistische Union e.V.\",\"url\":\"https:\\\/\\\/www.humanistische-union.de\\\/\",\"logo\":{\"@type\":\"ImageObject\",\"inLanguage\":\"de\",\"@id\":\"https:\\\/\\\/www.humanistische-union.de\\\/#\\\/schema\\\/logo\\\/image\\\/\",\"url\":\"https:\\\/\\\/www.humanistische-union.de\\\/wp-content\\\/uploads\\\/2023\\\/09\\\/HU-LOGO-blau_RGB-high-scaled-e1704725806773.jpg\",\"contentUrl\":\"https:\\\/\\\/www.humanistische-union.de\\\/wp-content\\\/uploads\\\/2023\\\/09\\\/HU-LOGO-blau_RGB-high-scaled-e1704725806773.jpg\",\"width\":1000,\"height\":536,\"caption\":\"Humanistische Union e.V.\"},\"image\":{\"@id\":\"https:\\\/\\\/www.humanistische-union.de\\\/#\\\/schema\\\/logo\\\/image\\\/\"},\"sameAs\":[\"https:\\\/\\\/x.com\\\/humunion\",\"https:\\\/\\\/mastodon.social\\\/@humunion\",\"https:\\\/\\\/bsky.app\\\/profile\\\/humanistischeunion.bsky.social\"]}]}<\/script>\n<!-- \/ Yoast SEO plugin. -->","yoast_head_json":{"title":"Shop - Humanistische Union","robots":{"index":"index","follow":"follow","max-snippet":"max-snippet:-1","max-image-preview":"max-image-preview:large","max-video-preview":"max-video-preview:-1"},"canonical":"https:\/\/www.humanistische-union.de\/service\/shop\/","og_locale":"de_DE","og_type":"article","og_title":"Shop - Humanistische Union","og_description":"Herzlich Willkommen im Online-Shop der Humanistischen Union! Auf diesen Seiten k\u00f6nnen Sie ausgew\u00e4hlte Zeitschriften, B\u00fccher und andere Publikationen der HU erwerben. F\u00fcr die Suche nach einzelnen Artikeln benutzen Sie bitte die Auswahl im rechten Men\u00fc. Sollten Sie Fragen zur Benutzung des Online-Shops haben oder andere Ver\u00f6ffentlichungen der Humanistischen Union suchen, die hier nicht aufgef\u00fchrt sind, [weiterlesen]","og_url":"https:\/\/www.humanistische-union.de\/service\/shop\/","og_site_name":"Humanistische Union","article_modified_time":"2026-05-07T11:51:20+00:00","og_image":[{"width":1500,"height":1001,"url":"https:\/\/www.humanistische-union.de\/wp-content\/uploads\/2025\/02\/pauline-loroy-tv8PIPPY3rQ-unsplash-scaled-e1740064786119.jpg","type":"image\/jpeg"}],"twitter_card":"summary_large_image","twitter_site":"@humunion","twitter_misc":{"Gesch\u00e4tzte Lesezeit":"2\u00a0Minuten"},"schema":{"@context":"https:\/\/schema.org","@graph":[{"@type":"WebPage","@id":"https:\/\/www.humanistische-union.de\/service\/shop\/","url":"https:\/\/www.humanistische-union.de\/service\/shop\/","name":"Shop - Humanistische Union","isPartOf":{"@id":"https:\/\/www.humanistische-union.de\/#website"},"primaryImageOfPage":{"@id":"https:\/\/www.humanistische-union.de\/service\/shop\/#primaryimage"},"image":{"@id":"https:\/\/www.humanistische-union.de\/service\/shop\/#primaryimage"},"thumbnailUrl":"https:\/\/www.humanistische-union.de\/wp-content\/uploads\/2025\/02\/pauline-loroy-tv8PIPPY3rQ-unsplash-scaled-e1740064786119.jpg","datePublished":"2021-08-30T21:42:20+00:00","dateModified":"2026-05-07T11:51:20+00:00","breadcrumb":{"@id":"https:\/\/www.humanistische-union.de\/service\/shop\/#breadcrumb"},"inLanguage":"de","potentialAction":[{"@type":"ReadAction","target":["https:\/\/www.humanistische-union.de\/service\/shop\/"]}]},{"@type":"ImageObject","inLanguage":"de","@id":"https:\/\/www.humanistische-union.de\/service\/shop\/#primaryimage","url":"https:\/\/www.humanistische-union.de\/wp-content\/uploads\/2025\/02\/pauline-loroy-tv8PIPPY3rQ-unsplash-scaled-e1740064786119.jpg","contentUrl":"https:\/\/www.humanistische-union.de\/wp-content\/uploads\/2025\/02\/pauline-loroy-tv8PIPPY3rQ-unsplash-scaled-e1740064786119.jpg","width":1500,"height":1001},{"@type":"BreadcrumbList","@id":"https:\/\/www.humanistische-union.de\/service\/shop\/#breadcrumb","itemListElement":[{"@type":"ListItem","position":1,"name":"Service","item":"https:\/\/www.humanistische-union.de\/service\/"},{"@type":"ListItem","position":2,"name":"Shop"}]},{"@type":"WebSite","@id":"https:\/\/www.humanistische-union.de\/#website","url":"https:\/\/www.humanistische-union.de\/","name":"Humanistische Union","description":"","publisher":{"@id":"https:\/\/www.humanistische-union.de\/#organization"},"potentialAction":[{"@type":"SearchAction","target":{"@type":"EntryPoint","urlTemplate":"https:\/\/www.humanistische-union.de\/?s={search_term_string}"},"query-input":{"@type":"PropertyValueSpecification","valueRequired":true,"valueName":"search_term_string"}}],"inLanguage":"de"},{"@type":"Organization","@id":"https:\/\/www.humanistische-union.de\/#organization","name":"Humanistische Union e.V.","url":"https:\/\/www.humanistische-union.de\/","logo":{"@type":"ImageObject","inLanguage":"de","@id":"https:\/\/www.humanistische-union.de\/#\/schema\/logo\/image\/","url":"https:\/\/www.humanistische-union.de\/wp-content\/uploads\/2023\/09\/HU-LOGO-blau_RGB-high-scaled-e1704725806773.jpg","contentUrl":"https:\/\/www.humanistische-union.de\/wp-content\/uploads\/2023\/09\/HU-LOGO-blau_RGB-high-scaled-e1704725806773.jpg","width":1000,"height":536,"caption":"Humanistische Union e.V."},"image":{"@id":"https:\/\/www.humanistische-union.de\/#\/schema\/logo\/image\/"},"sameAs":["https:\/\/x.com\/humunion","https:\/\/mastodon.social\/@humunion","https:\/\/bsky.app\/profile\/humanistischeunion.bsky.social"]}]}},"_links":{"self":[{"href":"https:\/\/www.humanistische-union.de\/hu-json\/wp\/v2\/pages\/15233","targetHints":{"allow":["GET"]}}],"collection":[{"href":"https:\/\/www.humanistische-union.de\/hu-json\/wp\/v2\/pages"}],"about":[{"href":"https:\/\/www.humanistische-union.de\/hu-json\/wp\/v2\/types\/page"}],"author":[{"embeddable":true,"href":"https:\/\/www.humanistische-union.de\/hu-json\/wp\/v2\/users\/1"}],"replies":[{"embeddable":true,"href":"https:\/\/www.humanistische-union.de\/hu-json\/wp\/v2\/comments?post=15233"}],"version-history":[{"count":67,"href":"https:\/\/www.humanistische-union.de\/hu-json\/wp\/v2\/pages\/15233\/revisions"}],"predecessor-version":[{"id":20531,"href":"https:\/\/www.humanistische-union.de\/hu-json\/wp\/v2\/pages\/15233\/revisions\/20531"}],"up":[{"embeddable":true,"href":"https:\/\/www.humanistische-union.de\/hu-json\/wp\/v2\/pages\/6283"}],"wp:featuredmedia":[{"embeddable":true,"href":"https:\/\/www.humanistische-union.de\/hu-json\/wp\/v2\/media\/19780"}],"wp:attachment":[{"href":"https:\/\/www.humanistische-union.de\/hu-json\/wp\/v2\/media?parent=15233"}],"wp:term":[{"taxonomy":"post_tag","embeddable":true,"href":"https:\/\/www.humanistische-union.de\/hu-json\/wp\/v2\/tags?post=15233"},{"taxonomy":"autoren","embeddable":true,"href":"https:\/\/www.humanistische-union.de\/hu-json\/wp\/v2\/autoren?post=15233"}],"curies":[{"name":"wp","href":"https:\/\/api.w.org\/{rel}","templated":true}]}}