{"id":15247,"date":"2021-08-31T08:53:52","date_gmt":"2021-08-31T06:53:52","guid":{"rendered":"https:\/\/www.humanistische-union.de\/?page_id=15247"},"modified":"2026-03-19T13:57:20","modified_gmt":"2026-03-19T12:57:20","slug":"vorgaenge","status":"publish","type":"page","link":"https:\/\/www.humanistische-union.de\/service\/shop\/vorgaenge\/","title":{"rendered":"Aktuelle Ausgaben der vorg\u00e4nge"},"content":{"rendered":"<div>\n<p style=\"text-align: right;\"><em>\u201e\u201avorg\u00e4nge\u2018 ist eines der anregendsten Periodika im Lande\u201c \u2013 Tagesspiegel<\/em><\/p>\n<p style=\"text-align: right;\"><em>\u201eeine aufkl\u00e4rerische Zeitschrift\u201c und ein \u201eForum kritischen Diskurses\u201c \u2013 WDR<\/em><\/p>\n<p style=\"text-align: right;\"><em>Die vorg\u00e4nge geben eine \u201eReihe bemerkenswerter Denkanst\u00f6\u00dfe\u201c \u2013 Die ZEIT<\/em><\/p>\n<p>Die Humanistische Union gibt die seit 1961 bestehende politische Vierteljahresschrift \u201e<strong>vor<\/strong><em>g\u00e4nge<\/em>. Zeitschrift f\u00fcr B\u00fcrgerrechte und Gesellschaftspolitik\u201c heraus. Die <strong>vor<\/strong><em>g\u00e4nge<\/em> analysieren b\u00fcrgerrechtliche, gesellschaftliche und politische Prozesse aus einer juristischen, sozialwissenschaftlichen und\/oder kulturwissenschaftlichen Perspektive.<\/p>\n<p>Die Zeitschrift richtet sich \u00fcber das rechts- und kulturpolitische Fachpublikum hinaus an einen gr\u00f6\u00dferen Leserkreis und m\u00f6chte sich nachhaltig in den Diskurs \u00fcber aktuelle Zeitfragen einbringen. Dazu stehen die <strong>vor<\/strong><em>g\u00e4nge<\/em> f\u00fcr einen allgemeinverst\u00e4ndlichen disziplin\u00e4ren und methodischen Pluralismus.<\/p>\n<p>Wenn Sie die <strong>vor<\/strong><em>g\u00e4nge<\/em> abonnieren wollen, dann klicken Sie bitte <a href=\"https:\/\/www.humanistische-union.de\/service\/shop\/vorgaenge\/einzelheftbestellungen-abo-bestellungen\/\">hier<\/a>.<\/p>\n<\/div>\n<div>Aktuelle Ausgaben der <strong>vor<\/strong><em>g\u00e4nge<\/em> k\u00f6nnen Sie hier bestellen. \u00c4ltere Ausgaben k\u00f6nnen Sie in unserem <a href=\"https:\/\/www.humanistische-union.de\/service\/shop\/vorgaenge\/vorgaenge-archiv\/\">Archiv<\/a> bestellen.<\/div>\n<div><\/div>\n<div class=\"formluar-shop\">\n<div class=\"wpcf7 no-js\" id=\"wpcf7-f15246-o1\" lang=\"de-DE\" dir=\"ltr\" data-wpcf7-id=\"15246\">\n<div class=\"screen-reader-response\">\n<p role=\"status\" aria-live=\"polite\" aria-atomic=\"true\">\n<ul><\/ul>\n<\/div>\n<form action=\"\/hu-json\/wp\/v2\/pages\/15247#wpcf7-f15246-o1\" method=\"post\" class=\"wpcf7-form init\" aria-label=\"Kontaktformular\" novalidate=\"novalidate\" data-status=\"init\">\n<fieldset class=\"hidden-fields-container\"><input type=\"hidden\" name=\"_wpcf7\" value=\"15246\" \/><input type=\"hidden\" name=\"_wpcf7_version\" value=\"6.1.7\" \/><input type=\"hidden\" name=\"_wpcf7_locale\" value=\"de_DE\" \/><input type=\"hidden\" name=\"_wpcf7_unit_tag\" value=\"wpcf7-f15246-o1\" \/><input type=\"hidden\" name=\"_wpcf7_container_post\" value=\"0\" \/><input type=\"hidden\" name=\"_wpcf7_posted_data_hash\" value=\"\" \/><br \/>\n<\/fieldset>\n<h3><span id=\"vorgaenge-nr-253-einengung-der-oeffentlichen-diskursraeume-print\">vorg&auml;nge Nr. 253: Einengung der \u00f6ffentlichen Diskursr\u00e4ume (Print)<br \/>\n<\/span><\/h3>\n<p><img decoding=\"async\" src=\"https:\/\/www.humanistische-union.de\/wp-content\/uploads\/2026\/03\/vorg253_cover.jpg\" alt=\"vorg&auml;nge 253: Einengung der \u00f6ffentlichen Diskursr\u00e4ume(PRINT)\" \/>mit Beitr&auml;gen von J\u00f6rg Arnold, Wolfram Grams, Andreas Fisahn, Katrin Gierhake, Philip Dingeldey, Peter Ullrich, Rolf G\u00f6ssner, Hannah Schimmele, Richard Schwenn, Katharina Mosene, Christoph Butterwegge, Ute Finckh-Kr\u00e4mer, Hartmut Aden u. a. m. Heft 1\/2026, 212 Seiten (GEDRUCKTE AUSGABE)<br \/>\n<span class=\"price-line\"><span class=\"price\">15.00 EUR<\/span> <span class=\"artikel\">v253P<\/span> <label>Anzahl <span class=\"wpcf7-form-control-wrap\" data-name=\"vorgaenge-253-Diskurs-print\"><input class=\"wpcf7-form-control wpcf7-number wpcf7-validates-as-number\" min=\"0\" aria-invalid=\"false\" value=\"\" type=\"number\" name=\"vorgaenge-253-Diskurs-print\" \/><\/span><\/label><\/span>\n<\/p>\n<h3><span id=\"vorgaenge-nr-253-einengung-der-oeffentlichen-diskursraeume-pdf\">vorg&auml;nge Nr. 253: Einengung der \u00f6ffentlichen Diskursr\u00e4ume (PDF)<br \/>\n<\/span><\/h3>\n<p><img decoding=\"async\" src=\"https:\/\/www.humanistische-union.de\/wp-content\/uploads\/2026\/03\/vorg253_cover.jpg\" alt=\"vorg&auml;nge 253: Einengung der \u00f6ffentlichen Diskursr\u00e4ume (PDF)\" \/>mit Beitr&auml;gen von J\u00f6rg Arnold, Wolfram Grams, Andreas Fisahn, Katrin Gierhake, Philip Dingeldey, Peter Ullrich, Rolf G\u00f6ssner, Hannah Schimmele, Richard Schwenn, Katharina Mosene, Christoph Butterwegge, Ute Finckh-Kr\u00e4mer, Hartmut Aden u. a. m. Heft 1\/2026, 212 Seiten (PDF)<br \/>\n<span class=\"price-line\"><span class=\"price\">6.00 EUR<\/span> <span class=\"artikel\">v253O<\/span> <label>Anzahl <span class=\"wpcf7-form-control-wrap\" data-name=\"vorgaenge-253-Diskurs-pdf\"><input class=\"wpcf7-form-control wpcf7-number wpcf7-validates-as-number\" min=\"0\" aria-invalid=\"false\" value=\"\" type=\"number\" name=\"vorgaenge-253-Diskurs-pdf\" \/><\/span><\/label><\/span>\n<\/p>\n<h3><span id=\"vorgaenge-nr-252-demokratisierung-print\">vorg&auml;nge Nr. 252: Demokratisierung (Print)<br \/>\n<\/span><\/h3>\n<p><img decoding=\"async\" src=\"https:\/\/www.humanistische-union.de\/wp-content\/uploads\/2025\/11\/vorg252_cover.jpg\" alt=\"vorg&auml;nge 252: Demokratisierung (PRINT)\" \/>mit Beitr&auml;gen von Dirk J\u00f6rke, Christoph Butterwegge, Thomas Biebricher, Dagmar Comtesse, Philip Dingeldey, Franz-Josef Hanke, Alex Demirovic, Hans-J\u00fcrgen Urban, Kathrin Groh, Ute Finckh-Kr\u00e4mer u. a. m. Heft 4\/2025, 216 Seiten (GEDRUCKTE AUSGABE)<br \/>\n<span class=\"price-line\"><span class=\"price\">14.00 EUR<\/span> <span class=\"artikel\">v252P<\/span> <label>Anzahl <span class=\"wpcf7-form-control-wrap\" data-name=\"vorgaenge-252-Demokratisierung-print\"><input class=\"wpcf7-form-control wpcf7-number wpcf7-validates-as-number\" min=\"0\" aria-invalid=\"false\" value=\"\" type=\"number\" name=\"vorgaenge-252-Demokratisierung-print\" \/><\/span><\/label><\/span>\n<\/p>\n<h3><span id=\"vorgaenge-nr-252-demokratisierung-pdf\">vorg&auml;nge Nr. 252: Demokratisierung (PDF)<br \/>\n<\/span><\/h3>\n<p><img decoding=\"async\" src=\"https:\/\/www.humanistische-union.de\/wp-content\/uploads\/2025\/11\/vorg252_cover.jpg\" alt=\"vorg&auml;nge 252: GDemokratisierung (PDF)\" \/>mit Beitr&auml;gen von Dirk J\u00f6rke, Christoph Butterwegge, Thomas Biebricher, Dagmar Comtesse, Philip Dingeldey, Franz-Josef Hanke, Alex Demirovic, Hans-J\u00fcrgen Urban, Kathrin Groh, Ute Finckh-Kr\u00e4mer u. a. m. Heft 4\/2025, 216 Seiten (PDF)<br \/>\n<span class=\"price-line\"><span class=\"price\">5.00 EUR<\/span> <span class=\"artikel\">v252O<\/span> <label>Anzahl <span class=\"wpcf7-form-control-wrap\" data-name=\"vorgaenge-252-Demokratisierung-pdf\"><input class=\"wpcf7-form-control wpcf7-number wpcf7-validates-as-number\" min=\"0\" aria-invalid=\"false\" value=\"\" type=\"number\" name=\"vorgaenge-252-Demokratisierung-pdf\" \/><\/span><\/label><\/span>\n<\/p>\n<h3><span id=\"vorgaenge-nr-250251-gibt-es-ostdeutschland-alternativbericht-zum-stand-der-deutschen-einheit-print\">vorg&auml;nge Nr. 250\/251: Gibt es Ostdeutschland? Alternativbericht zum Stand der deutschen Einheit (Print)<br \/>\n<\/span><\/h3>\n<p><img decoding=\"async\" src=\"https:\/\/www.humanistische-union.de\/wp-content\/uploads\/2025\/09\/vorg250-251_U1_page-0001.jpg\" alt=\"vorg&auml;nge 250\/251: Gibt es Ostdeutschland? Alternativbericht zum Stand der deutschen Einheit (PRINT)\" \/>mit Beitr&auml;gen von Ulrich Busch, Karin Lohr, Hildegard Maria Nickel, Julia Brade, Dieter Grimm, Hubert Rottleuthner, Rosemarie Will, Wolfram Grams, Clemens Arzt u. a. m. Heft 2-3\/2025, 240 Seiten (GEDRUCKTE AUSGABE)<br \/>\n<span class=\"price-line\"><span class=\"price\">28.00 EUR<\/span> <span class=\"artikel\">v250P<\/span> <label>Anzahl <span class=\"wpcf7-form-control-wrap\" data-name=\"vorgaenge-250-Ostdeutschland-print\"><input class=\"wpcf7-form-control wpcf7-number wpcf7-validates-as-number\" min=\"0\" aria-invalid=\"false\" value=\"\" type=\"number\" name=\"vorgaenge-250-Ostdeutschland-print\" \/><\/span><\/label><\/span>\n<\/p>\n<h3><span id=\"vorgaenge-nr-250251-gibt-es-ostdeutschland-alternativbericht-zum-stand-der-deutschen-einheit-pdf\">vorg&auml;nge Nr. 250\/251: Gibt es Ostdeutschland? Alternativbericht zum Stand der deutschen Einheit (PDF)<br \/>\n<\/span><\/h3>\n<p><img decoding=\"async\" src=\"https:\/\/www.humanistische-union.de\/wp-content\/uploads\/2025\/09\/vorg250-251_U1_page-0001.jpg\" alt=\"vorg&auml;nge 250\/251: Gibt es Ostdeutschland? Alternativbericht zum Stand der deutschen Einheit (PDF)\" \/>mit Beitr&auml;gen von Ulrich Busch, Karin Lohr, Hildegard Maria Nickel, Julia Brade, Dieter Grimm, Hubert Rottleuthner, Rosemarie Will, Wolfram Grams, Clemens Arzt u. a. m. Heft 2-3\/2025, 240 Seiten (PDF)<br \/>\n<span class=\"price-line\"><span class=\"price\">10.00 EUR<\/span> <span class=\"artikel\">v250O<\/span> <label>Anzahl <span class=\"wpcf7-form-control-wrap\" data-name=\"vorgaenge-250-Ostdeutschland-pdf\"><input class=\"wpcf7-form-control wpcf7-number wpcf7-validates-as-number\" min=\"0\" aria-invalid=\"false\" value=\"\" type=\"number\" name=\"vorgaenge-250-Ostdeutschland-pdf\" \/><\/span><\/label><\/span>\n<\/p>\n<h3><span id=\"vorgaenge-nr-249-kontrolle-der-polizei-print\">vorg&auml;nge Nr. 249: Kontrolle der Polizei (Print)<br \/>\n<\/span><\/h3>\n<p><img decoding=\"async\" src=\"https:\/\/www.humanistische-union.de\/wp-content\/uploads\/2025\/05\/vorg249_U1_page-0001.jpg\" alt=\"vorg&auml;nge 249: Kontrolle der Polizei (PRINT)\" \/>mit Beitr&auml;gen von Hartmut Aden, Martin Herrnkind, Jonas Botta, Benjamin Derin, Boris Vormann, Ernst Fricke, Werner Koep-Kerstin, Kirsten Wiese u. a. m. Heft 1\/2025, 140 Seiten (GEDRUCKTE AUSGABE)<br \/>\n<span class=\"price-line\"><span class=\"price\">14.00 EUR<\/span> <span class=\"artikel\">v249P<\/span> <label>Anzahl <span class=\"wpcf7-form-control-wrap\" data-name=\"vorgaenge-249-Polizei-print\"><input class=\"wpcf7-form-control wpcf7-number wpcf7-validates-as-number\" min=\"0\" aria-invalid=\"false\" value=\"\" type=\"number\" name=\"vorgaenge-249-Polizei-print\" \/><\/span><\/label><\/span>\n<\/p>\n<h3><span id=\"vorgaenge-nr-249-kontrolle-der-polizei-pdf\">vorg&auml;nge Nr. 249: Kontrolle der Polizei (PDF)<br \/>\n<\/span><\/h3>\n<p><img decoding=\"async\" src=\"https:\/\/www.humanistische-union.de\/wp-content\/uploads\/2025\/05\/vorg249_U1_page-0001.jpg\" alt=\"vorg&auml;nge 249: Kontrolle der Polizei (PDF)\" \/>mit Beitr&auml;gen von Hartmut Aden, Martin Herrnkind, Jonas Botta, Benjamin Derin, Boris Vormann, Ernst Fricke, Werner Koep-Kerstin, Kirsten Wiese u. a. m. Heft 1\/2025, 140 Seiten (PDF)<br \/>\n<span class=\"price-line\"><span class=\"price\">5.00 EUR<\/span> <span class=\"artikel\">v249O<\/span> <label>Anzahl <span class=\"wpcf7-form-control-wrap\" data-name=\"vorgaenge-249-Polizei-pdf\"><input class=\"wpcf7-form-control wpcf7-number wpcf7-validates-as-number\" min=\"0\" aria-invalid=\"false\" value=\"\" type=\"number\" name=\"vorgaenge-249-Polizei-pdf\" \/><\/span><\/label><\/span>\n<\/p>\n<h3><span id=\"vorgaenge-nr-247248-zukunft-der-bildung-print\">vorg&auml;nge Nr. 247\/248: Zukunft der Bildung (Print)<br \/>\n<\/span><\/h3>\n<p><img decoding=\"async\" src=\"https:\/\/www.humanistische-union.de\/wp-content\/uploads\/2025\/02\/vorg247-248_U1_page-0001.jpg\" alt=\"vorg&auml;nge 247\/248: Zukunft der Bildung (PRINT)\" \/>mit Beitr&auml;gen von Wolfram Grams, Georg Feuser, Martina K\u00fcbler, Bernd Overwien, Ernst Fricke, Dieter Segert, Steffen Mau, Rosemarie Will & Philip Dingeldey, Till M\u00fcller-Heidelberg, Lisa Borrelli u. a. m. Heft 3-4\/2024, 236 Seiten (GEDRUCKTE AUSGABE)<br \/>\n<span class=\"price-line\"><span class=\"price\">28.00 EUR<\/span> <span class=\"artikel\">v247P<\/span> <label>Anzahl <span class=\"wpcf7-form-control-wrap\" data-name=\"vorgaenge-247-Bildung-print\"><input class=\"wpcf7-form-control wpcf7-number wpcf7-validates-as-number\" min=\"0\" aria-invalid=\"false\" value=\"\" type=\"number\" name=\"vorgaenge-247-Bildung-print\" \/><\/span><\/label><\/span>\n<\/p>\n<h3><span id=\"vorgaenge-nr-247248-zukunft-der-bildung-pdf\">vorg&auml;nge Nr. 247\/248: Zukunft der Bildung (PDF)<br \/>\n<\/span><\/h3>\n<p><img decoding=\"async\" src=\"https:\/\/www.humanistische-union.de\/wp-content\/uploads\/2025\/02\/vorg247-248_U1_page-0001.jpg\" alt=\"vorg&auml;nge 247\/248: Zukunft der Bildung (PDF)\" \/>mit Beitr&auml;gen von Wolfram Grams, Georg Feuser, Martina K\u00fcbler, Bernd Overwien, Ernst Fricke, Dieter Segert, Steffen Mau, Rosemarie Will & Philip Dingeldey, Till M\u00fcller-Heidelberg, Lisa Borrelli u. a. m. Heft 3-4\/2024, 236 Seiten (PDF)<br \/>\n<span class=\"price-line\"><span class=\"price\">10.00 EUR<\/span> <span class=\"artikel\">v247O<\/span> <label>Anzahl <span class=\"wpcf7-form-control-wrap\" data-name=\"vorgaenge-247-Bildung-pdf\"><input class=\"wpcf7-form-control wpcf7-number wpcf7-validates-as-number\" min=\"0\" aria-invalid=\"false\" value=\"\" type=\"number\" name=\"vorgaenge-247-Bildung-pdf\" \/><\/span><\/label><\/span>\n<\/p>\n<h3><span id=\"vorgaenge-nr-245246-klimaungerechtigkeit-print\">vorg&auml;nge Nr. 245\/246: Klima(un)gerechtigkeit (Print)<br \/>\n<\/span><\/h3>\n<p><img decoding=\"async\" src=\"https:\/\/www.humanistische-union.de\/wp-content\/uploads\/2024\/08\/vorg245-246_U1_page-0001-1.jpg\" alt=\"vorg&auml;nge 245\/246: Klima(un)gerechtigkeit (PRINT)\" \/>mit Beitr&auml;gen von Felix Ekardt, Yi Yi Prue, Klaus D\u00f6rre, Oskar Butting, Nora F\u00fcl\u00f6p, Anna Mehlis, Philip Dingeldey, Ingolfur Bl\u00fchdorn, Sarah Kessler, Niko Paech, Wolfram Grams, Ernst Fricke u. a. m. Heft 1-2\/2024, 252 Seiten (GEDRUCKTE AUSGABE)<br \/>\n<span class=\"price-line\"><span class=\"price\">28.00 EUR<\/span> <span class=\"artikel\">v245P<\/span> <label>Anzahl <span class=\"wpcf7-form-control-wrap\" data-name=\"vorgaenge-245-Klimaungerechtigkeit-print\"><input class=\"wpcf7-form-control wpcf7-number wpcf7-validates-as-number\" min=\"0\" aria-invalid=\"false\" value=\"\" type=\"number\" name=\"vorgaenge-245-Klimaungerechtigkeit-print\" \/><\/span><\/label><\/span>\n<\/p>\n<h3><span id=\"vorgaenge-nr-245246-klimaungerechtigkeit-pdf\">vorg&auml;nge Nr. 245\/246: Klima(un)gerechtigkeit (PDF)<br \/>\n<\/span><\/h3>\n<p><img decoding=\"async\" src=\"https:\/\/www.humanistische-union.de\/wp-content\/uploads\/2024\/08\/vorg245-246_U1_page-0001-1.jpg\" alt=\"vorg&auml;nge 245\/246: Klima(un)gerechtigkeit (PDF)\" \/>mit Beitr&auml;gen von Felix Ekardt, Yi Yi Prue, Klaus D\u00f6rre, Oskar Butting, Nora F\u00fcl\u00f6p, Anna Mehlis, Philip Dingeldey, Ingolfur Bl\u00fchdorn, Sarah Kessler, Niko Paech, Wolfram Grams, Ernst Fricke u. a. m. Heft 1-2\/2024, 252 Seiten (PDF)<br \/>\n<span class=\"price-line\"><span class=\"price\">10.00 EUR<\/span> <span class=\"artikel\">v245O<\/span> <label>Anzahl <span class=\"wpcf7-form-control-wrap\" data-name=\"vorgaenge-245-Klimaungerechtigkeit-pdf\"><input class=\"wpcf7-form-control wpcf7-number wpcf7-validates-as-number\" min=\"0\" aria-invalid=\"false\" value=\"\" type=\"number\" name=\"vorgaenge-245-Klimaungerechtigkeit-pdf\" \/><\/span><\/label><\/span>\n<\/p>\n<h3><span id=\"vorgaenge-nr-244-identitaetspolitik-zwischen-selbstbestimmung-und-abspaltung-print\">vorg&auml;nge Nr. 244: Identit\u00e4tspolitik zwischen Selbstbestimmung und Abspaltung (Print)<br \/>\n<\/span><\/h3>\n<p><img decoding=\"async\" src=\"https:\/\/www.humanistische-union.de\/wp-content\/uploads\/2024\/05\/vorg244_U1-U4-1-e1716540213156.png\" alt=\"vorg&auml;nge 244: Identit\u00e4tspolitik zwischen Selbstbestimmung und Abspaltung (PRINT)\" \/>mit Beitr&auml;gen von Dirk J\u00f6rke, Torben Schuchow, Veith Selk, Olaf Jann, Philip Dingeldey, Sarah Ponti, Susanna Ro\u00dfbach, Anna Lena G\u00f6ttsche, Judith Goetz, Ernst Fricke u. a. m. Heft 4\/2023, 176 Seiten (GEDRUCKTE AUSGABE)<br \/>\n<span class=\"price-line\"><span class=\"price\">14.00 EUR<\/span> <span class=\"artikel\">v244P<\/span> <label>Anzahl <span class=\"wpcf7-form-control-wrap\" data-name=\"vorgaenge-244-Identitaetspolitik-print\"><input class=\"wpcf7-form-control wpcf7-number wpcf7-validates-as-number\" min=\"0\" aria-invalid=\"false\" value=\"\" type=\"number\" name=\"vorgaenge-244-Identitaetspolitik-print\" \/><\/span><\/label><\/span>\n<\/p>\n<h3><span id=\"vorgaenge-nr-244-identitaetspolitik-zwischen-selbstbestimmung-und-abspaltung-pdf\">vorg&auml;nge Nr. 244: Identit\u00e4tspolitik zwischen Selbstbestimmung und Abspaltung (PDF)<br \/>\n<\/span><\/h3>\n<p><img decoding=\"async\" src=\"https:\/\/www.humanistische-union.de\/wp-content\/uploads\/2024\/05\/vorg244_U1-U4-1-e1716540213156.png\" alt=\"vorg&auml;nge 244: Identit\u00e4tspolitik zwischen Selbstbestimmung und Abspaltung (PDF)\" \/>mit Beitr&auml;gen von Dirk J\u00f6rke, Torben Schuchow, Veith Selk, Olaf Jann, Philip Dingeldey, Sarah Ponti, Susanna Ro\u00dfbach, Anna Lena G\u00f6ttsche, Judith Goetz, Ernst Fricke u. a. m. Heft 4\/2023, 176 Seiten (PDF)<br \/>\n<span class=\"price-line\"><span class=\"price\">5.00 EUR<\/span> <span class=\"artikel\">v244O<\/span> <label>Anzahl <span class=\"wpcf7-form-control-wrap\" data-name=\"vorgaenge-244-Identitaetspolitik-pdf\"><input class=\"wpcf7-form-control wpcf7-number wpcf7-validates-as-number\" min=\"0\" aria-invalid=\"false\" value=\"\" type=\"number\" name=\"vorgaenge-244-Identitaetspolitik-pdf\" \/><\/span><\/label><\/span>\n<\/p>\n<h3><span id=\"vorgaenge-nr-243-kritische-kriminalpolitik-print\">vorg&auml;nge Nr. 243: Kritische Kriminalpolitik (Print)<br \/>\n<\/span><\/h3>\n<p><img decoding=\"async\" src=\"https:\/\/www.humanistische-union.de\/wp-content\/uploads\/2024\/03\/vorg243_U1_page-0001.jpg\" alt=\"vorg&auml;nge 243: Kritische Kriminalpolitik (PRINT)\" \/>mit Beitr&auml;gen von Johannes Feest, Katharina Reisch, Nicole B\u00f6gelein, Heino St\u00f6ver, Till M\u00fcller-Heidelberg, Ernst Fricke u. a. m. Heft 3\/2023, 152 Seiten (GEDRUCKTE AUSGABE)<br \/>\n<span class=\"price-line\"><span class=\"price\">14.00 EUR<\/span> <span class=\"artikel\">v243P<\/span> <label>Anzahl <span class=\"wpcf7-form-control-wrap\" data-name=\"vorgaenge-243-kritische-kriminalpolitik-print\"><input class=\"wpcf7-form-control wpcf7-number wpcf7-validates-as-number\" min=\"0\" aria-invalid=\"false\" value=\"\" type=\"number\" name=\"vorgaenge-243-kritische-kriminalpolitik-print\" \/><\/span><\/label><\/span>\n<\/p>\n<h3><span id=\"vorgaenge-nr-243-kritische-kriminalpolitik-pdf\">vorg&auml;nge Nr. 243: Kritische Kriminalpolitik (PDF)<br \/>\n<\/span><\/h3>\n<p><img decoding=\"async\" src=\"https:\/\/www.humanistische-union.de\/wp-content\/uploads\/2024\/03\/vorg243_U1_page-0001.jpg\" alt=\"vorg&auml;nge 243: Kritische Kriminalpolitik (PDF)\" \/>mit Beitr&auml;gen von Johannes Feest, Katharina Reisch, Nicole B\u00f6gelein, Heino St\u00f6ver, Till M\u00fcller-Heidelberg, Ernst Fricke u. a. m. Heft 3\/2023, 152 Seiten (PDF)<br \/>\n<span class=\"price-line\"><span class=\"price\">5.00 EUR<\/span> <span class=\"artikel\">v243O<\/span> <label>Anzahl <span class=\"wpcf7-form-control-wrap\" data-name=\"vorgaenge-243-kritische-kriminalpolitik-pdf\"><input class=\"wpcf7-form-control wpcf7-number wpcf7-validates-as-number\" min=\"0\" aria-invalid=\"false\" value=\"\" type=\"number\" name=\"vorgaenge-243-kritische-kriminalpolitik-pdf\" \/><\/span><\/label><\/span>\n<\/p>\n<h3><span id=\"vorgaenge-nr-242-kuenstliche-intelligenz-und-menschenrechte-print\">vorg&auml;nge Nr. 242: K\u00fcnstliche Intelligenz und Menschenrechte (Print)<br \/>\n<\/span><\/h3>\n<p><img decoding=\"async\" src=\"https:\/\/www.humanistische-union.de\/wp-content\/uploads\/2024\/01\/vorg242_1-cropped-1-1.png\" alt=\"vorg&auml;nge 242: K\u00fcnstliche Intelligenz und Menschenrechte (PRINT)\" \/>mit Beitr&auml;gen von Stefan H\u00fcgel, Steven Kleemann, Simon Hirsbrunner, Hartmut Aden, Annabell Lamberth, Philip Dingeldey u. a. m. Heft 2\/2023, 164 Seiten (GEDRUCKTE AUSGABE)<br \/>\n<span class=\"price-line\"><span class=\"price\">14.00 EUR<\/span> <span class=\"artikel\">v242P<\/span> <label>Anzahl <span class=\"wpcf7-form-control-wrap\" data-name=\"vorgaenge-242-kuenstliche-intelligenz-und-menschenrechte-print\"><input class=\"wpcf7-form-control wpcf7-number wpcf7-validates-as-number\" min=\"0\" aria-invalid=\"false\" value=\"\" type=\"number\" name=\"vorgaenge-242-kuenstliche-intelligenz-und-menschenrechte-print\" \/><\/span><\/label><\/span>\n<\/p>\n<h3><span id=\"vorgaenge-nr-242-kuenstliche-intelligenz-und-menschenrechte-pdf\">vorg&auml;nge Nr. 242: K\u00fcnstliche Intelligenz und Menschenrechte (PDF)<br \/>\n<\/span><\/h3>\n<p><img decoding=\"async\" src=\"https:\/\/www.humanistische-union.de\/wp-content\/uploads\/2024\/01\/vorg242_1-cropped-1-1.png\" alt=\"vorg&auml;nge 242: K\u00fcnstliche Intelligenz und Menschenrechte (PDF)\" \/>mit Beitr&auml;gen von Stefan H\u00fcgel, Steven Kleemann, Simon Hirsbrunner, Hartmut Aden, Annabell Lamberth, Philip Dingeldey u. a. m. Heft 2\/2023, 164 Seiten (PDF)<br \/>\n<span class=\"price-line\"><span class=\"price\">5.00 EUR<\/span> <span class=\"artikel\">v242O<\/span> <label>Anzahl <span class=\"wpcf7-form-control-wrap\" data-name=\"vorgaenge-242-kuenstliche-itelligenz-und-menschenrechte-pdf\"><input class=\"wpcf7-form-control wpcf7-number wpcf7-validates-as-number\" min=\"0\" aria-invalid=\"false\" value=\"\" type=\"number\" name=\"vorgaenge-242-kuenstliche-itelligenz-und-menschenrechte-pdf\" \/><\/span><\/label><\/span>\n<\/p>\n<h3><span id=\"vorgaenge-nr-241-demokratie-und-rechtsstaat-verteidigen--ein-heft-zu-ehren-von-martin-kutscha-print\">vorg&auml;nge Nr. 241: Demokratie und Rechtsstaat verteidigen - Ein Heft zu Ehren von Martin Kutscha (Print)<br \/>\n<\/span><\/h3>\n<p><img decoding=\"async\" src=\"https:\/\/www.humanistische-union.de\/wp-content\/uploads\/2023\/09\/vorgaenge-241_Titelseite_page-0001-1.jpg\" alt=\"vorg&auml;nge 241: Demokratie und Rechtsstaat verteidigen - Ein Heft zu Ehren von Martin Kutscha (PRINT)\" \/>mit Beitr&auml;gen von Marianne Egger de Campo, Andreas Engelmann, John Philipp Thurn, Olaf Winkel, Christoph Butterwegge, Clemens Arzt, Ralf Lankau, Martin Kutscha u. a. m. Heft 1\/2023, 160 Seiten (GEDRUCKTE AUSGABE)<br \/>\n<span class=\"price-line\"><span class=\"price\">14.00 EUR<\/span> <span class=\"artikel\">v241P<\/span> <label>Anzahl <span class=\"wpcf7-form-control-wrap\" data-name=\"vorgaenge-241-demokratie-und-rechtstaat-verteidigen-print\"><input class=\"wpcf7-form-control wpcf7-number wpcf7-validates-as-number\" min=\"0\" aria-invalid=\"false\" value=\"\" type=\"number\" name=\"vorgaenge-241-demokratie-und-rechtstaat-verteidigen-print\" \/><\/span><\/label><\/span>\n<\/p>\n<h3><span id=\"vorgaenge-nr-241-demokratie-und-rechtsstaat-verteidigen--ein-heft-zu-ehren-von-martin-kutscha-pdf\">vorg&auml;nge Nr. 241: Demokratie und Rechtsstaat verteidigen - Ein Heft zu Ehren von Martin Kutscha (PDF)<br \/>\n<\/span><\/h3>\n<p><img decoding=\"async\" src=\"https:\/\/www.humanistische-union.de\/wp-content\/uploads\/2023\/09\/vorgaenge-241_Titelseite_page-0001-1.jpg\" alt=\"vorg&auml;nge 241: Demokratie und Rechtsstaat verteidigen - Ein Heft zu Ehren von Martin Kutscha (PDF)\" \/>mit Beitr&auml;gen von Marianne Egger de Campo, Andreas Engelmann, John Philipp Thurn, Olaf Winkel, Christoph Butterwegge, Clemens Arzt, Ralf Lankau, Martin Kutscha u. a. m. Heft 1\/2023, 160 Seiten (PDF)<br \/>\n<span class=\"price-line\"><span class=\"price\">5.00 EUR<\/span> <span class=\"artikel\">v241O<\/span> <label>Anzahl <span class=\"wpcf7-form-control-wrap\" data-name=\"vorgaenge-241-demokratie-und-rechtstaat-verteidigen-pdf\"><input class=\"wpcf7-form-control wpcf7-number wpcf7-validates-as-number\" min=\"0\" aria-invalid=\"false\" value=\"\" type=\"number\" name=\"vorgaenge-241-demokratie-und-rechtstaat-verteidigen-pdf\" \/><\/span><\/label><\/span>\n<\/p>\n<h3><span id=\"vorgaenge-nr-239240-keine-chance-fuer-den-frieden-print\">vorg&auml;nge Nr. 239\/240: Keine Chance f\u00fcr den Frieden? (Print)<br \/>\n<\/span><\/h3>\n<p><img decoding=\"async\" src=\"https:\/\/www.humanistische-union.de\/wp-content\/uploads\/2023\/07\/vorg239-240_titel-scaled.jpg\" alt=\"vorg&auml;nge 239\/240: Keine Chance f\u00fcr den Frieden? (PRINT)\" \/>mit Beitr&auml;gen von G\u00fcnter Verheugen, Hans Misselwitz, Daniela Dahn, Eugen Ruge, Corinna Hauswedell, Ekkehard Strau\u00df, Johann-Albrecht Haupt, Kirsten Wiese und Rosemarie Will u. a. m. Heft 3-4\/2022, 198 Seiten (GEDRUCKTE AUSGABE)<br \/>\n<span class=\"price-line\"><span class=\"price\">28.00 EUR<\/span> <span class=\"artikel\">v239P<\/span> <label>Anzahl <span class=\"wpcf7-form-control-wrap\" data-name=\"vorgaenge-239-keine-chance-fuer-den-frieden-print\"><input class=\"wpcf7-form-control wpcf7-number wpcf7-validates-as-number\" min=\"0\" aria-invalid=\"false\" value=\"\" type=\"number\" name=\"vorgaenge-239-keine-chance-fuer-den-frieden-print\" \/><\/span><\/label><\/span>\n<\/p>\n<h3><span id=\"vorgaenge-nr-239240-keine-chance-fuer-den-frieden-pdf\">vorg&auml;nge Nr. 239\/240: Keine Chance f\u00fcr den Frieden? (PDF)<br \/>\n<\/span><\/h3>\n<p><img decoding=\"async\" src=\"https:\/\/www.humanistische-union.de\/wp-content\/uploads\/2023\/07\/vorg239-240_titel-scaled.jpg\" alt=\"vorg&auml;nge 239\/240: Keine Chance f\u00fcr den Frieden? (PDF)\" \/>mit Beitr&auml;gen von G\u00fcnter Verheugen, Hans Misselwitz, Daniela Dahn, Eugen Ruge, Corinna Hauswedell, Ekkehard Strau\u00df, Johann-Albrecht Haupt, Kirsten Wiese und Rosemarie Will u. a. m. Heft 3-4\/2022, 198 Seiten (PDF)<br \/>\n<span class=\"price-line\"><span class=\"price\">10.00 EUR<\/span> <span class=\"artikel\">v239O<\/span> <label>Anzahl <span class=\"wpcf7-form-control-wrap\" data-name=\"vorgaenge-239-keine-chance-fuer-den-frieden-pdf\"><input class=\"wpcf7-form-control wpcf7-number wpcf7-validates-as-number\" min=\"0\" aria-invalid=\"false\" value=\"\" type=\"number\" name=\"vorgaenge-239-keine-chance-fuer-den-frieden-pdf\" \/><\/span><\/label><\/span>\n<\/p>\n<p>&nbsp;\n<\/p>\n<p>&nbsp;<br \/>\n<label class=\"form-grid\"><span class=\"label\">Name <sup>*<\/sup><\/span> <span class=\"wpcf7-form-control-wrap\" data-name=\"mein-name\"><input size=\"40\" maxlength=\"400\" class=\"wpcf7-form-control wpcf7-text wpcf7-validates-as-required\" aria-required=\"true\" aria-invalid=\"false\" placeholder=\"Name\" value=\"\" type=\"text\" name=\"mein-name\" \/><\/span> <\/label><br \/>\n<label class=\"form-grid\"><span class=\"label\">Stra&szlig;e <sup>*<\/sup><\/span> <span class=\"wpcf7-form-control-wrap\" data-name=\"strasse\"><input size=\"40\" maxlength=\"400\" class=\"wpcf7-form-control wpcf7-text wpcf7-validates-as-required\" aria-required=\"true\" aria-invalid=\"false\" placeholder=\"Stra&szlig;e\" value=\"\" type=\"text\" name=\"strasse\" \/><\/span> <\/label><br \/>\n<label class=\"form-grid\"><span class=\"label\">PLZ <sup>*<\/sup><\/span> <span class=\"wpcf7-form-control-wrap\" data-name=\"plz\"><input size=\"40\" maxlength=\"400\" class=\"wpcf7-form-control wpcf7-text wpcf7-validates-as-required\" aria-required=\"true\" aria-invalid=\"false\" placeholder=\"PLZ\" value=\"\" type=\"text\" name=\"plz\" \/><\/span> <\/label><br \/>\n<label class=\"form-grid\"><span class=\"label\">Ort <sup>*<\/sup><\/span> <span class=\"wpcf7-form-control-wrap\" data-name=\"ort\"><input size=\"40\" maxlength=\"400\" class=\"wpcf7-form-control wpcf7-text wpcf7-validates-as-required\" aria-required=\"true\" aria-invalid=\"false\" placeholder=\"Ort\" value=\"\" type=\"text\" name=\"ort\" \/><\/span> <\/label><br \/>\n<label class=\"form-grid\"><span class=\"label\">Telefon<\/span> <span class=\"wpcf7-form-control-wrap\" data-name=\"telefon\"><input size=\"40\" maxlength=\"400\" class=\"wpcf7-form-control wpcf7-text\" aria-invalid=\"false\" placeholder=\"Telefon\" value=\"\" type=\"text\" name=\"telefon\" \/><\/span> <\/label><br \/>\n<label class=\"form-grid\"><span class=\"label\">Email <sup>*<\/sup><\/span> <span class=\"wpcf7-form-control-wrap\" data-name=\"email\"><input size=\"40\" maxlength=\"400\" class=\"wpcf7-form-control wpcf7-email wpcf7-validates-as-required wpcf7-text wpcf7-validates-as-email\" aria-required=\"true\" aria-invalid=\"false\" placeholder=\"Email\" value=\"\" type=\"email\" name=\"email\" \/><\/span> <\/label><br \/>\n<span id=\"wpcf7-6a9511469bddb-wrapper\" class=\"wpcf7-form-control-wrap cf7apps-honeypot-wrap honeypot-Mail-784-wrap\" data-cf7apps-honeypot=\"honeypot-Mail-784\" ><input type=\"hidden\" name=\"honeypot-Mail-784-random-hash\" value=\"20260831\"><input type=\"hidden\" name=\"honeypot-Mail-784-time-token\" value=\"MTc4ODE1NDE4Mg==.826a988277680ba65fbfdcb3d85f5f55e2ef91d769f6176e309b853adb9922bf\"><label\n\t\t    for=\"wpcf7-6a9511469bddb-field\"\n\t\t    class=\"hp-message\"\n        >Lassen Sie dieses Feld bitte leer<\/label><input\n\t    id=\"wpcf7-6a9511469bddb-field\"\n\t     placeholder=\"E-Mail wiederholen\" \n\t    class=\"wpcf7-form-control wpcf7-text\"\n\t    type=\"text\"\n\t    name=\"o9iajezdevv6\"\n\t    value=\"\"\n\t    autocomplete=\"off\"\n\t    tabindex=\"1000\"\n\t    data-cf7apps-tabindex=\"1000\"\n    \/><\/span>\n<\/p>\n<p>&nbsp;\n<\/p>\n<div class=\"checkbox-row\">\n<p><span class=\"wpcf7-form-control-wrap\" data-name=\"allgemeine-infos\"><span class=\"wpcf7-form-control wpcf7-checkbox wpcf7-validates-as-required\"><span class=\"wpcf7-list-item first last\"><label><input type=\"checkbox\" name=\"allgemeine-infos[]\" value=\"Der Speicherung meiner personenbezogenen Daten stimme ich ausschlie\u00dflich f\u00fcr den internen Gebrauch bei der Humanistischen Union e.V. zu.\" \/><span class=\"wpcf7-list-item-label\">Der Speicherung meiner personenbezogenen Daten stimme ich ausschlie\u00dflich f\u00fcr den internen Gebrauch bei der Humanistischen Union e.V. zu.<\/span><\/label><\/span><\/span><\/span>\n\t<\/p>\n<\/div>\n<p><span id=\"wpcf7-6a9511469d26a-wrapper\" class=\"wpcf7-form-control-wrap cf7apps-honeypot-wrap e-Mail-Wiederholen-wrap\" data-cf7apps-honeypot=\"e-Mail-Wiederholen\" ><input type=\"hidden\" name=\"e-Mail-Wiederholen-random-hash\" value=\"20260831\"><input type=\"hidden\" name=\"e-Mail-Wiederholen-time-token\" value=\"MTc4ODE1NDE4Mg==.0314de313b8ce4f66856eae2b52f207fb2432ccf53bf9fd743335a43a96964a1\"><label\n\t\t    for=\"wpcf7-6a9511469d26a-field\"\n\t\t    class=\"hp-message\"\n        >Lassen Sie dieses Feld bitte leer<\/label><input\n\t    id=\"wpcf7-6a9511469d26a-field\"\n\t     placeholder=\"E-Mail wiederholen\" \n\t    class=\"wpcf7-form-control wpcf7-text\"\n\t    type=\"text\"\n\t    name=\"l4abbyfaltzk\"\n\t    value=\"\"\n\t    autocomplete=\"off\"\n\t    tabindex=\"1000\"\n\t    data-cf7apps-tabindex=\"1000\"\n    \/><\/span>\n<\/p>\n<p> Mehr Informationen dazu finden Sie in unserer <a href=\"https:\/\/www.humanistische-union.de\/ueber-uns\/datenschutzordnung\/\">Datenschutzordnung<\/a>.\n<\/p>\n<p><input class=\"wpcf7-form-control wpcf7-submit has-spinner\" type=\"submit\" value=\"Senden\" \/>\n<\/p>\n<div class=\"wpcf7-response-output\" aria-hidden=\"true\"><\/div>\n<\/form>\n<\/div>\n<\/div>\n","protected":false},"excerpt":{"rendered":"<p>\u201e\u201avorg\u00e4nge\u2018 ist eines der anregendsten Periodika im Lande\u201c \u2013 Tagesspiegel \u201eeine aufkl\u00e4rerische Zeitschrift\u201c und ein \u201eForum kritischen Diskurses\u201c \u2013 WDR Die vorg\u00e4nge geben eine \u201eReihe bemerkenswerter Denkanst\u00f6\u00dfe\u201c \u2013 Die ZEIT Die Humanistische Union gibt die seit 1961 bestehende politische Vierteljahresschrift \u201evorg\u00e4nge. Zeitschrift f\u00fcr B\u00fcrgerrechte und Gesellschaftspolitik\u201c heraus. Die vorg\u00e4nge analysieren b\u00fcrgerrechtliche, gesellschaftliche und politische Prozesse [weiterlesen]<\/p>\n","protected":false},"author":1,"featured_media":20424,"parent":15233,"menu_order":0,"comment_status":"closed","ping_status":"closed","template":"","meta":{"_acf_changed":false,"footnotes":""},"autoren":[],"class_list":["post-15247","page","type-page","status-publish","has-post-thumbnail","hentry"],"acf":[],"yoast_head":"<!-- This site is optimized with the Yoast SEO plugin v28.3 - https:\/\/yoast.com\/product\/yoast-seo-wordpress\/ -->\n<title>Aktuelle Ausgaben der vorg\u00e4nge - Humanistische Union<\/title>\n<meta name=\"robots\" content=\"index, follow, max-snippet:-1, max-image-preview:large, max-video-preview:-1\" \/>\n<link rel=\"canonical\" href=\"https:\/\/www.humanistische-union.de\/service\/shop\/vorgaenge\/\" \/>\n<meta property=\"og:locale\" content=\"de_DE\" \/>\n<meta property=\"og:type\" content=\"article\" \/>\n<meta property=\"og:title\" content=\"Aktuelle Ausgaben der vorg\u00e4nge - Humanistische Union\" \/>\n<meta property=\"og:description\" content=\"\u201e\u201avorg\u00e4nge\u2018 ist eines der anregendsten Periodika im Lande\u201c \u2013 Tagesspiegel \u201eeine aufkl\u00e4rerische Zeitschrift\u201c und ein \u201eForum kritischen Diskurses\u201c \u2013 WDR Die vorg\u00e4nge geben eine \u201eReihe bemerkenswerter Denkanst\u00f6\u00dfe\u201c \u2013 Die ZEIT Die Humanistische Union gibt die seit 1961 bestehende politische Vierteljahresschrift \u201evorg\u00e4nge. Zeitschrift f\u00fcr B\u00fcrgerrechte und Gesellschaftspolitik\u201c heraus. Die vorg\u00e4nge analysieren b\u00fcrgerrechtliche, gesellschaftliche und politische Prozesse [weiterlesen]\" \/>\n<meta property=\"og:url\" content=\"https:\/\/www.humanistische-union.de\/service\/shop\/vorgaenge\/\" \/>\n<meta property=\"og:site_name\" content=\"Humanistische Union\" \/>\n<meta property=\"article:modified_time\" content=\"2026-03-19T12:57:20+00:00\" \/>\n<meta property=\"og:image\" content=\"https:\/\/www.humanistische-union.de\/wp-content\/uploads\/2026\/03\/vorg253_cover_Logo.jpg\" \/>\n\t<meta property=\"og:image:width\" content=\"915\" \/>\n\t<meta property=\"og:image:height\" content=\"231\" \/>\n\t<meta property=\"og:image:type\" content=\"image\/jpeg\" \/>\n<meta name=\"twitter:card\" content=\"summary_large_image\" \/>\n<meta name=\"twitter:site\" content=\"@humunion\" \/>\n<meta name=\"twitter:label1\" content=\"Gesch\u00e4tzte Lesezeit\" \/>\n\t<meta name=\"twitter:data1\" content=\"1\u00a0Minute\" \/>\n<script type=\"application\/ld+json\" class=\"yoast-schema-graph\">{\"@context\":\"https:\\\/\\\/schema.org\",\"@graph\":[{\"@type\":\"WebPage\",\"@id\":\"https:\\\/\\\/www.humanistische-union.de\\\/service\\\/shop\\\/vorgaenge\\\/\",\"url\":\"https:\\\/\\\/www.humanistische-union.de\\\/service\\\/shop\\\/vorgaenge\\\/\",\"name\":\"Aktuelle Ausgaben der vorg\u00e4nge - Humanistische Union\",\"isPartOf\":{\"@id\":\"https:\\\/\\\/www.humanistische-union.de\\\/#website\"},\"primaryImageOfPage\":{\"@id\":\"https:\\\/\\\/www.humanistische-union.de\\\/service\\\/shop\\\/vorgaenge\\\/#primaryimage\"},\"image\":{\"@id\":\"https:\\\/\\\/www.humanistische-union.de\\\/service\\\/shop\\\/vorgaenge\\\/#primaryimage\"},\"thumbnailUrl\":\"https:\\\/\\\/www.humanistische-union.de\\\/wp-content\\\/uploads\\\/2026\\\/03\\\/vorg253_cover_Logo.jpg\",\"datePublished\":\"2021-08-31T06:53:52+00:00\",\"dateModified\":\"2026-03-19T12:57:20+00:00\",\"breadcrumb\":{\"@id\":\"https:\\\/\\\/www.humanistische-union.de\\\/service\\\/shop\\\/vorgaenge\\\/#breadcrumb\"},\"inLanguage\":\"de\",\"potentialAction\":[{\"@type\":\"ReadAction\",\"target\":[\"https:\\\/\\\/www.humanistische-union.de\\\/service\\\/shop\\\/vorgaenge\\\/\"]}]},{\"@type\":\"ImageObject\",\"inLanguage\":\"de\",\"@id\":\"https:\\\/\\\/www.humanistische-union.de\\\/service\\\/shop\\\/vorgaenge\\\/#primaryimage\",\"url\":\"https:\\\/\\\/www.humanistische-union.de\\\/wp-content\\\/uploads\\\/2026\\\/03\\\/vorg253_cover_Logo.jpg\",\"contentUrl\":\"https:\\\/\\\/www.humanistische-union.de\\\/wp-content\\\/uploads\\\/2026\\\/03\\\/vorg253_cover_Logo.jpg\",\"width\":915,\"height\":231},{\"@type\":\"BreadcrumbList\",\"@id\":\"https:\\\/\\\/www.humanistische-union.de\\\/service\\\/shop\\\/vorgaenge\\\/#breadcrumb\",\"itemListElement\":[{\"@type\":\"ListItem\",\"position\":1,\"name\":\"Service\",\"item\":\"https:\\\/\\\/www.humanistische-union.de\\\/service\\\/\"},{\"@type\":\"ListItem\",\"position\":2,\"name\":\"Shop\",\"item\":\"https:\\\/\\\/www.humanistische-union.de\\\/service\\\/shop\\\/\"},{\"@type\":\"ListItem\",\"position\":3,\"name\":\"Aktuelle Ausgaben der vorg\u00e4nge\"}]},{\"@type\":\"WebSite\",\"@id\":\"https:\\\/\\\/www.humanistische-union.de\\\/#website\",\"url\":\"https:\\\/\\\/www.humanistische-union.de\\\/\",\"name\":\"Humanistische Union\",\"description\":\"\",\"publisher\":{\"@id\":\"https:\\\/\\\/www.humanistische-union.de\\\/#organization\"},\"potentialAction\":[{\"@type\":\"SearchAction\",\"target\":{\"@type\":\"EntryPoint\",\"urlTemplate\":\"https:\\\/\\\/www.humanistische-union.de\\\/?s={search_term_string}\"},\"query-input\":{\"@type\":\"PropertyValueSpecification\",\"valueRequired\":true,\"valueName\":\"search_term_string\"}}],\"inLanguage\":\"de\"},{\"@type\":\"Organization\",\"@id\":\"https:\\\/\\\/www.humanistische-union.de\\\/#organization\",\"name\":\"Humanistische Union e.V.\",\"url\":\"https:\\\/\\\/www.humanistische-union.de\\\/\",\"logo\":{\"@type\":\"ImageObject\",\"inLanguage\":\"de\",\"@id\":\"https:\\\/\\\/www.humanistische-union.de\\\/#\\\/schema\\\/logo\\\/image\\\/\",\"url\":\"https:\\\/\\\/www.humanistische-union.de\\\/wp-content\\\/uploads\\\/2023\\\/09\\\/HU-LOGO-blau_RGB-high-scaled-e1704725806773.jpg\",\"contentUrl\":\"https:\\\/\\\/www.humanistische-union.de\\\/wp-content\\\/uploads\\\/2023\\\/09\\\/HU-LOGO-blau_RGB-high-scaled-e1704725806773.jpg\",\"width\":1000,\"height\":536,\"caption\":\"Humanistische Union e.V.\"},\"image\":{\"@id\":\"https:\\\/\\\/www.humanistische-union.de\\\/#\\\/schema\\\/logo\\\/image\\\/\"},\"sameAs\":[\"https:\\\/\\\/x.com\\\/humunion\",\"https:\\\/\\\/mastodon.social\\\/@humunion\",\"https:\\\/\\\/bsky.app\\\/profile\\\/humanistischeunion.bsky.social\"]}]}<\/script>\n<!-- \/ Yoast SEO plugin. -->","yoast_head_json":{"title":"Aktuelle Ausgaben der vorg\u00e4nge - Humanistische Union","robots":{"index":"index","follow":"follow","max-snippet":"max-snippet:-1","max-image-preview":"max-image-preview:large","max-video-preview":"max-video-preview:-1"},"canonical":"https:\/\/www.humanistische-union.de\/service\/shop\/vorgaenge\/","og_locale":"de_DE","og_type":"article","og_title":"Aktuelle Ausgaben der vorg\u00e4nge - Humanistische Union","og_description":"\u201e\u201avorg\u00e4nge\u2018 ist eines der anregendsten Periodika im Lande\u201c \u2013 Tagesspiegel \u201eeine aufkl\u00e4rerische Zeitschrift\u201c und ein \u201eForum kritischen Diskurses\u201c \u2013 WDR Die vorg\u00e4nge geben eine \u201eReihe bemerkenswerter Denkanst\u00f6\u00dfe\u201c \u2013 Die ZEIT Die Humanistische Union gibt die seit 1961 bestehende politische Vierteljahresschrift \u201evorg\u00e4nge. Zeitschrift f\u00fcr B\u00fcrgerrechte und Gesellschaftspolitik\u201c heraus. Die vorg\u00e4nge analysieren b\u00fcrgerrechtliche, gesellschaftliche und politische Prozesse [weiterlesen]","og_url":"https:\/\/www.humanistische-union.de\/service\/shop\/vorgaenge\/","og_site_name":"Humanistische Union","article_modified_time":"2026-03-19T12:57:20+00:00","og_image":[{"width":915,"height":231,"url":"https:\/\/www.humanistische-union.de\/wp-content\/uploads\/2026\/03\/vorg253_cover_Logo.jpg","type":"image\/jpeg"}],"twitter_card":"summary_large_image","twitter_site":"@humunion","twitter_misc":{"Gesch\u00e4tzte Lesezeit":"1\u00a0Minute"},"schema":{"@context":"https:\/\/schema.org","@graph":[{"@type":"WebPage","@id":"https:\/\/www.humanistische-union.de\/service\/shop\/vorgaenge\/","url":"https:\/\/www.humanistische-union.de\/service\/shop\/vorgaenge\/","name":"Aktuelle Ausgaben der vorg\u00e4nge - Humanistische Union","isPartOf":{"@id":"https:\/\/www.humanistische-union.de\/#website"},"primaryImageOfPage":{"@id":"https:\/\/www.humanistische-union.de\/service\/shop\/vorgaenge\/#primaryimage"},"image":{"@id":"https:\/\/www.humanistische-union.de\/service\/shop\/vorgaenge\/#primaryimage"},"thumbnailUrl":"https:\/\/www.humanistische-union.de\/wp-content\/uploads\/2026\/03\/vorg253_cover_Logo.jpg","datePublished":"2021-08-31T06:53:52+00:00","dateModified":"2026-03-19T12:57:20+00:00","breadcrumb":{"@id":"https:\/\/www.humanistische-union.de\/service\/shop\/vorgaenge\/#breadcrumb"},"inLanguage":"de","potentialAction":[{"@type":"ReadAction","target":["https:\/\/www.humanistische-union.de\/service\/shop\/vorgaenge\/"]}]},{"@type":"ImageObject","inLanguage":"de","@id":"https:\/\/www.humanistische-union.de\/service\/shop\/vorgaenge\/#primaryimage","url":"https:\/\/www.humanistische-union.de\/wp-content\/uploads\/2026\/03\/vorg253_cover_Logo.jpg","contentUrl":"https:\/\/www.humanistische-union.de\/wp-content\/uploads\/2026\/03\/vorg253_cover_Logo.jpg","width":915,"height":231},{"@type":"BreadcrumbList","@id":"https:\/\/www.humanistische-union.de\/service\/shop\/vorgaenge\/#breadcrumb","itemListElement":[{"@type":"ListItem","position":1,"name":"Service","item":"https:\/\/www.humanistische-union.de\/service\/"},{"@type":"ListItem","position":2,"name":"Shop","item":"https:\/\/www.humanistische-union.de\/service\/shop\/"},{"@type":"ListItem","position":3,"name":"Aktuelle Ausgaben der vorg\u00e4nge"}]},{"@type":"WebSite","@id":"https:\/\/www.humanistische-union.de\/#website","url":"https:\/\/www.humanistische-union.de\/","name":"Humanistische Union","description":"","publisher":{"@id":"https:\/\/www.humanistische-union.de\/#organization"},"potentialAction":[{"@type":"SearchAction","target":{"@type":"EntryPoint","urlTemplate":"https:\/\/www.humanistische-union.de\/?s={search_term_string}"},"query-input":{"@type":"PropertyValueSpecification","valueRequired":true,"valueName":"search_term_string"}}],"inLanguage":"de"},{"@type":"Organization","@id":"https:\/\/www.humanistische-union.de\/#organization","name":"Humanistische Union e.V.","url":"https:\/\/www.humanistische-union.de\/","logo":{"@type":"ImageObject","inLanguage":"de","@id":"https:\/\/www.humanistische-union.de\/#\/schema\/logo\/image\/","url":"https:\/\/www.humanistische-union.de\/wp-content\/uploads\/2023\/09\/HU-LOGO-blau_RGB-high-scaled-e1704725806773.jpg","contentUrl":"https:\/\/www.humanistische-union.de\/wp-content\/uploads\/2023\/09\/HU-LOGO-blau_RGB-high-scaled-e1704725806773.jpg","width":1000,"height":536,"caption":"Humanistische Union e.V."},"image":{"@id":"https:\/\/www.humanistische-union.de\/#\/schema\/logo\/image\/"},"sameAs":["https:\/\/x.com\/humunion","https:\/\/mastodon.social\/@humunion","https:\/\/bsky.app\/profile\/humanistischeunion.bsky.social"]}]}},"_links":{"self":[{"href":"https:\/\/www.humanistische-union.de\/hu-json\/wp\/v2\/pages\/15247","targetHints":{"allow":["GET"]}}],"collection":[{"href":"https:\/\/www.humanistische-union.de\/hu-json\/wp\/v2\/pages"}],"about":[{"href":"https:\/\/www.humanistische-union.de\/hu-json\/wp\/v2\/types\/page"}],"author":[{"embeddable":true,"href":"https:\/\/www.humanistische-union.de\/hu-json\/wp\/v2\/users\/1"}],"replies":[{"embeddable":true,"href":"https:\/\/www.humanistische-union.de\/hu-json\/wp\/v2\/comments?post=15247"}],"version-history":[{"count":18,"href":"https:\/\/www.humanistische-union.de\/hu-json\/wp\/v2\/pages\/15247\/revisions"}],"predecessor-version":[{"id":20320,"href":"https:\/\/www.humanistische-union.de\/hu-json\/wp\/v2\/pages\/15247\/revisions\/20320"}],"up":[{"embeddable":true,"href":"https:\/\/www.humanistische-union.de\/hu-json\/wp\/v2\/pages\/15233"}],"wp:featuredmedia":[{"embeddable":true,"href":"https:\/\/www.humanistische-union.de\/hu-json\/wp\/v2\/media\/20424"}],"wp:attachment":[{"href":"https:\/\/www.humanistische-union.de\/hu-json\/wp\/v2\/media?parent=15247"}],"wp:term":[{"taxonomy":"autoren","embeddable":true,"href":"https:\/\/www.humanistische-union.de\/hu-json\/wp\/v2\/autoren?post=15247"}],"curies":[{"name":"wp","href":"https:\/\/api.w.org\/{rel}","templated":true}]}}