{"id":17262,"date":"2021-10-28T23:13:00","date_gmt":"2021-10-28T21:13:00","guid":{"rendered":"https:\/\/www.humanistische-union.de\/?page_id=17262"},"modified":"2026-04-07T16:18:55","modified_gmt":"2026-04-07T14:18:55","slug":"einzelheftbestellungen-abo-bestellungen","status":"publish","type":"page","link":"https:\/\/www.humanistische-union.de\/service\/shop\/vorgaenge\/einzelheftbestellungen-abo-bestellungen\/","title":{"rendered":"Abo-Bestellungen"},"content":{"rendered":"<p><strong>Sie wollen die<\/strong> <strong><a href=\"https:\/\/www.humanistische-union.de\/publikationen\/vorgaenge\/\">vor<em>g\u00e4nge<\/em><\/a> abonnieren bzw. Ihr bestehendes Abonnement \u00e4ndern?<\/strong><\/p>\n<p>F\u00fcr die Einrichtung eines neuen Abonnements bzw. die \u00c4nderung eines bestehenden Abonnements k\u00f6nnen Sie dieses <a href=\"https:\/\/www.humanistische-union.de\/service\/shop\/vorgaenge\/einzelheftbestellungen-abo-bestellungen\/vorgaenge-abo-formular\/\">Mailformular<\/a> nutzen.<\/p>\n<p><strong>Preise<\/strong>: Die <strong>vor<\/strong><em>g\u00e4nge<\/em> sind als Print- und\/oder PDF-Ausgabe zu beziehen. Ein erm\u00e4\u00dfigtes Abonnement (f\u00fcr Studierende, Referendar*innen, Arbeitslose und Bundesfreiwilligendienstleistende) ist bereits ab 24 Euro j\u00e4hrlich (PDF-Ausgabe) erh\u00e4ltlich. Alle weiteren Preise entnehmen Sie bitte der aktuellen Preis\u00fcbersicht:<\/p>\n<p>Die <strong>vor<\/strong><em>g\u00e4nge<\/em> k\u00f6nnen als gedruckte (Print-) und\/oder digitale (PDF) Version bezogen werden. Die j\u00e4hrlichen Abopreise betragen ab 2026 jeweils:<\/p>\n<ul>\n<li>Standardabo Print-Version: 48 \u20ac j\u00e4hrlich zzgl. Versandkosten<\/li>\n<li>Standardabo PDF-Version: 24 \u20ac j\u00e4hrlich<\/li>\n<li>Standardabo Print- und PDF-Version: 55 \u20ac j\u00e4hrlich zzgl. Versandkosten<\/li>\n<li>erm\u00e4\u00dfigtes Abo Print-Version: 28 \u20ac j\u00e4hrlich zzgl. Versandkosten<\/li>\n<li>erm\u00e4\u00dfigtes Abo Print- und PDF-Version: 40 \u20ac j\u00e4hrlich zzgl. Versandkosten<\/li>\n<li>Buchh\u00e4ndler-Abo Print-Version: 38.40 \u20ac j\u00e4hrlich zzgl. Versandkosten<\/li>\n<li>Buchh\u00e4ndler-Abo PDF-Version: 19.20 \u20ac j\u00e4hrlich<\/li>\n<li>Buchh\u00e4ndler-Abo Print- und PDF-Version: 44 \u20ac j\u00e4hrlich zzgl. Versandkosten<\/li>\n<\/ul>\n<p>Ab dem Jahr 2026 betragen die Versandkosten 10 Euro j\u00e4hrlich. Das erm\u00e4\u00dfigte Abonnement ist f\u00fcr Student*innen, Referendar*innen, Arbeitslose und Bundesfreiwilligendienstleistende mit beigef\u00fcgtem Nachweis erh\u00e4ltlich.<\/p>\n<p>F\u00fcr den Abschluss eines Abo-Vertrags k\u00f6nnen Sie dieses <a href=\"https:\/\/www.humanistische-union.de\/service\/shop\/vorgaenge\/einzelheftbestellungen-abo-bestellungen\/vorgaenge-abo-formular\/\">Mailformular<\/a> oder dieses <a href=\"https:\/\/www.humanistische-union.de\/wp-content\/uploads\/2021\/10\/vorgaenge-Abovertrag2015.pdf\">PDF-Formular<\/a> nutzen.<\/p>\n<p>(Preisstand: 01.01.2026)<\/p>\n<p><a href=\"\/unterstuetzen\/mitgliedschaft\/\">Mitglieder<\/a> der Humanistischen Union erhalten die <strong>vor<\/strong><em>g\u00e4nge<\/em> ab Heft 1\/2013 (Nr. 201) kostenfrei &#8211; der Bezug ist bereits im Mitgliedsbeitrag enthalten.<\/p>\n<p>K\u00fcndigungen des Abonnements m\u00fcssen jeweils sechs Wochen vor dem Ende des Bezugszeitraums (Jahr) eingehen, andernfalls verl\u00e4ngert sich das Abonnement um ein weiteres Jahr.<\/p>\n<p>F\u00fcr Abow\u00fcnsche oder Abo\u00e4nderungen k\u00f6nnen Sie sich auch an die Gesch\u00e4ftsstelle der Humanistischen Union wenden, die seit August 2012 die Abonnements der <strong>vor<\/strong><em>g\u00e4nge<\/em> verwaltet:<\/p>\n<p>Humanistische Union e.V.<br \/>\nBundesgesch\u00e4ftsstelle<\/p>\n<p>Dr. Philip Dingeldey und\u00a0 Carola Otte<\/p>\n<p>Greifswalder Stra\u00dfe 4<br \/>\n10405 Berlin<\/p>\n<p>Tel.: 030 \/ 204 502 56<br \/>\nFax: 030 \/ 204 502 57<br \/>\nE-Mail: <a href=\"mailto:service@humanistische-union.de\">service@humanistische-union.de<\/a><\/p>\n","protected":false},"excerpt":{"rendered":"<p>Sie wollen die vorg\u00e4nge abonnieren bzw. Ihr bestehendes Abonnement \u00e4ndern? F\u00fcr die Einrichtung eines neuen Abonnements bzw. die \u00c4nderung eines bestehenden Abonnements k\u00f6nnen Sie dieses Mailformular nutzen. Preise: Die vorg\u00e4nge sind als Print- und\/oder PDF-Ausgabe zu beziehen. Ein erm\u00e4\u00dfigtes Abonnement (f\u00fcr Studierende, Referendar*innen, Arbeitslose und Bundesfreiwilligendienstleistende) ist bereits ab 24 Euro j\u00e4hrlich (PDF-Ausgabe) erh\u00e4ltlich. Alle [weiterlesen]<\/p>\n","protected":false},"author":1,"featured_media":0,"parent":15247,"menu_order":0,"comment_status":"closed","ping_status":"closed","template":"","meta":{"_acf_changed":false,"footnotes":""},"tags":[],"autoren":[],"class_list":["post-17262","page","type-page","status-publish","hentry"],"acf":[],"yoast_head":"<!-- This site is optimized with the Yoast SEO plugin v28.4 - https:\/\/yoast.com\/product\/yoast-seo-wordpress\/ -->\n<title>Abo-Bestellungen - Humanistische Union<\/title>\n<meta name=\"robots\" content=\"index, follow, max-snippet:-1, max-image-preview:large, max-video-preview:-1\" \/>\n<link rel=\"canonical\" href=\"https:\/\/www.humanistische-union.de\/service\/shop\/vorgaenge\/einzelheftbestellungen-abo-bestellungen\/\" \/>\n<meta property=\"og:locale\" content=\"de_DE\" \/>\n<meta property=\"og:type\" content=\"article\" \/>\n<meta property=\"og:title\" content=\"Abo-Bestellungen - Humanistische Union\" \/>\n<meta property=\"og:description\" content=\"Sie wollen die vorg\u00e4nge abonnieren bzw. Ihr bestehendes Abonnement \u00e4ndern? F\u00fcr die Einrichtung eines neuen Abonnements bzw. die \u00c4nderung eines bestehenden Abonnements k\u00f6nnen Sie dieses Mailformular nutzen. Preise: Die vorg\u00e4nge sind als Print- und\/oder PDF-Ausgabe zu beziehen. Ein erm\u00e4\u00dfigtes Abonnement (f\u00fcr Studierende, Referendar*innen, Arbeitslose und Bundesfreiwilligendienstleistende) ist bereits ab 24 Euro j\u00e4hrlich (PDF-Ausgabe) erh\u00e4ltlich. Alle [weiterlesen]\" \/>\n<meta property=\"og:url\" content=\"https:\/\/www.humanistische-union.de\/service\/shop\/vorgaenge\/einzelheftbestellungen-abo-bestellungen\/\" \/>\n<meta property=\"og:site_name\" content=\"Humanistische Union\" \/>\n<meta property=\"article:modified_time\" content=\"2026-04-07T14:18:55+00:00\" \/>\n<meta name=\"twitter:card\" content=\"summary_large_image\" \/>\n<meta name=\"twitter:site\" content=\"@humunion\" \/>\n<meta name=\"twitter:label1\" content=\"Gesch\u00e4tzte Lesezeit\" \/>\n\t<meta name=\"twitter:data1\" content=\"2\u00a0Minuten\" \/>\n<script type=\"application\/ld+json\" class=\"yoast-schema-graph\">{\"@context\":\"https:\\\/\\\/schema.org\",\"@graph\":[{\"@type\":\"WebPage\",\"@id\":\"https:\\\/\\\/www.humanistische-union.de\\\/service\\\/shop\\\/vorgaenge\\\/einzelheftbestellungen-abo-bestellungen\\\/\",\"url\":\"https:\\\/\\\/www.humanistische-union.de\\\/service\\\/shop\\\/vorgaenge\\\/einzelheftbestellungen-abo-bestellungen\\\/\",\"name\":\"Abo-Bestellungen - Humanistische Union\",\"isPartOf\":{\"@id\":\"https:\\\/\\\/www.humanistische-union.de\\\/#website\"},\"datePublished\":\"2021-10-28T21:13:00+00:00\",\"dateModified\":\"2026-04-07T14:18:55+00:00\",\"breadcrumb\":{\"@id\":\"https:\\\/\\\/www.humanistische-union.de\\\/service\\\/shop\\\/vorgaenge\\\/einzelheftbestellungen-abo-bestellungen\\\/#breadcrumb\"},\"inLanguage\":\"de\",\"potentialAction\":[{\"@type\":\"ReadAction\",\"target\":[\"https:\\\/\\\/www.humanistische-union.de\\\/service\\\/shop\\\/vorgaenge\\\/einzelheftbestellungen-abo-bestellungen\\\/\"]}]},{\"@type\":\"BreadcrumbList\",\"@id\":\"https:\\\/\\\/www.humanistische-union.de\\\/service\\\/shop\\\/vorgaenge\\\/einzelheftbestellungen-abo-bestellungen\\\/#breadcrumb\",\"itemListElement\":[{\"@type\":\"ListItem\",\"position\":1,\"name\":\"Service\",\"item\":\"https:\\\/\\\/www.humanistische-union.de\\\/service\\\/\"},{\"@type\":\"ListItem\",\"position\":2,\"name\":\"Shop\",\"item\":\"https:\\\/\\\/www.humanistische-union.de\\\/service\\\/shop\\\/\"},{\"@type\":\"ListItem\",\"position\":3,\"name\":\"Aktuelle Ausgaben der vorg\u00e4nge\",\"item\":\"https:\\\/\\\/www.humanistische-union.de\\\/service\\\/shop\\\/vorgaenge\\\/\"},{\"@type\":\"ListItem\",\"position\":4,\"name\":\"Abo-Bestellungen\"}]},{\"@type\":\"WebSite\",\"@id\":\"https:\\\/\\\/www.humanistische-union.de\\\/#website\",\"url\":\"https:\\\/\\\/www.humanistische-union.de\\\/\",\"name\":\"Humanistische Union\",\"description\":\"\",\"publisher\":{\"@id\":\"https:\\\/\\\/www.humanistische-union.de\\\/#organization\"},\"potentialAction\":[{\"@type\":\"SearchAction\",\"target\":{\"@type\":\"EntryPoint\",\"urlTemplate\":\"https:\\\/\\\/www.humanistische-union.de\\\/?s={search_term_string}\"},\"query-input\":{\"@type\":\"PropertyValueSpecification\",\"valueRequired\":true,\"valueName\":\"search_term_string\"}}],\"inLanguage\":\"de\"},{\"@type\":\"Organization\",\"@id\":\"https:\\\/\\\/www.humanistische-union.de\\\/#organization\",\"name\":\"Humanistische Union e.V.\",\"url\":\"https:\\\/\\\/www.humanistische-union.de\\\/\",\"logo\":{\"@type\":\"ImageObject\",\"inLanguage\":\"de\",\"@id\":\"https:\\\/\\\/www.humanistische-union.de\\\/#\\\/schema\\\/logo\\\/image\\\/\",\"url\":\"https:\\\/\\\/www.humanistische-union.de\\\/wp-content\\\/uploads\\\/2023\\\/09\\\/HU-LOGO-blau_RGB-high-scaled-e1704725806773.jpg\",\"contentUrl\":\"https:\\\/\\\/www.humanistische-union.de\\\/wp-content\\\/uploads\\\/2023\\\/09\\\/HU-LOGO-blau_RGB-high-scaled-e1704725806773.jpg\",\"width\":1000,\"height\":536,\"caption\":\"Humanistische Union e.V.\"},\"image\":{\"@id\":\"https:\\\/\\\/www.humanistische-union.de\\\/#\\\/schema\\\/logo\\\/image\\\/\"},\"sameAs\":[\"https:\\\/\\\/x.com\\\/humunion\",\"https:\\\/\\\/mastodon.social\\\/@humunion\",\"https:\\\/\\\/bsky.app\\\/profile\\\/humanistischeunion.bsky.social\"]}]}<\/script>\n<!-- \/ Yoast SEO plugin. -->","yoast_head_json":{"title":"Abo-Bestellungen - Humanistische Union","robots":{"index":"index","follow":"follow","max-snippet":"max-snippet:-1","max-image-preview":"max-image-preview:large","max-video-preview":"max-video-preview:-1"},"canonical":"https:\/\/www.humanistische-union.de\/service\/shop\/vorgaenge\/einzelheftbestellungen-abo-bestellungen\/","og_locale":"de_DE","og_type":"article","og_title":"Abo-Bestellungen - Humanistische Union","og_description":"Sie wollen die vorg\u00e4nge abonnieren bzw. Ihr bestehendes Abonnement \u00e4ndern? F\u00fcr die Einrichtung eines neuen Abonnements bzw. die \u00c4nderung eines bestehenden Abonnements k\u00f6nnen Sie dieses Mailformular nutzen. Preise: Die vorg\u00e4nge sind als Print- und\/oder PDF-Ausgabe zu beziehen. Ein erm\u00e4\u00dfigtes Abonnement (f\u00fcr Studierende, Referendar*innen, Arbeitslose und Bundesfreiwilligendienstleistende) ist bereits ab 24 Euro j\u00e4hrlich (PDF-Ausgabe) erh\u00e4ltlich. Alle [weiterlesen]","og_url":"https:\/\/www.humanistische-union.de\/service\/shop\/vorgaenge\/einzelheftbestellungen-abo-bestellungen\/","og_site_name":"Humanistische Union","article_modified_time":"2026-04-07T14:18:55+00:00","twitter_card":"summary_large_image","twitter_site":"@humunion","twitter_misc":{"Gesch\u00e4tzte Lesezeit":"2\u00a0Minuten"},"schema":{"@context":"https:\/\/schema.org","@graph":[{"@type":"WebPage","@id":"https:\/\/www.humanistische-union.de\/service\/shop\/vorgaenge\/einzelheftbestellungen-abo-bestellungen\/","url":"https:\/\/www.humanistische-union.de\/service\/shop\/vorgaenge\/einzelheftbestellungen-abo-bestellungen\/","name":"Abo-Bestellungen - Humanistische Union","isPartOf":{"@id":"https:\/\/www.humanistische-union.de\/#website"},"datePublished":"2021-10-28T21:13:00+00:00","dateModified":"2026-04-07T14:18:55+00:00","breadcrumb":{"@id":"https:\/\/www.humanistische-union.de\/service\/shop\/vorgaenge\/einzelheftbestellungen-abo-bestellungen\/#breadcrumb"},"inLanguage":"de","potentialAction":[{"@type":"ReadAction","target":["https:\/\/www.humanistische-union.de\/service\/shop\/vorgaenge\/einzelheftbestellungen-abo-bestellungen\/"]}]},{"@type":"BreadcrumbList","@id":"https:\/\/www.humanistische-union.de\/service\/shop\/vorgaenge\/einzelheftbestellungen-abo-bestellungen\/#breadcrumb","itemListElement":[{"@type":"ListItem","position":1,"name":"Service","item":"https:\/\/www.humanistische-union.de\/service\/"},{"@type":"ListItem","position":2,"name":"Shop","item":"https:\/\/www.humanistische-union.de\/service\/shop\/"},{"@type":"ListItem","position":3,"name":"Aktuelle Ausgaben der vorg\u00e4nge","item":"https:\/\/www.humanistische-union.de\/service\/shop\/vorgaenge\/"},{"@type":"ListItem","position":4,"name":"Abo-Bestellungen"}]},{"@type":"WebSite","@id":"https:\/\/www.humanistische-union.de\/#website","url":"https:\/\/www.humanistische-union.de\/","name":"Humanistische Union","description":"","publisher":{"@id":"https:\/\/www.humanistische-union.de\/#organization"},"potentialAction":[{"@type":"SearchAction","target":{"@type":"EntryPoint","urlTemplate":"https:\/\/www.humanistische-union.de\/?s={search_term_string}"},"query-input":{"@type":"PropertyValueSpecification","valueRequired":true,"valueName":"search_term_string"}}],"inLanguage":"de"},{"@type":"Organization","@id":"https:\/\/www.humanistische-union.de\/#organization","name":"Humanistische Union e.V.","url":"https:\/\/www.humanistische-union.de\/","logo":{"@type":"ImageObject","inLanguage":"de","@id":"https:\/\/www.humanistische-union.de\/#\/schema\/logo\/image\/","url":"https:\/\/www.humanistische-union.de\/wp-content\/uploads\/2023\/09\/HU-LOGO-blau_RGB-high-scaled-e1704725806773.jpg","contentUrl":"https:\/\/www.humanistische-union.de\/wp-content\/uploads\/2023\/09\/HU-LOGO-blau_RGB-high-scaled-e1704725806773.jpg","width":1000,"height":536,"caption":"Humanistische Union e.V."},"image":{"@id":"https:\/\/www.humanistische-union.de\/#\/schema\/logo\/image\/"},"sameAs":["https:\/\/x.com\/humunion","https:\/\/mastodon.social\/@humunion","https:\/\/bsky.app\/profile\/humanistischeunion.bsky.social"]}]}},"_links":{"self":[{"href":"https:\/\/www.humanistische-union.de\/hu-json\/wp\/v2\/pages\/17262","targetHints":{"allow":["GET"]}}],"collection":[{"href":"https:\/\/www.humanistische-union.de\/hu-json\/wp\/v2\/pages"}],"about":[{"href":"https:\/\/www.humanistische-union.de\/hu-json\/wp\/v2\/types\/page"}],"author":[{"embeddable":true,"href":"https:\/\/www.humanistische-union.de\/hu-json\/wp\/v2\/users\/1"}],"replies":[{"embeddable":true,"href":"https:\/\/www.humanistische-union.de\/hu-json\/wp\/v2\/comments?post=17262"}],"version-history":[{"count":22,"href":"https:\/\/www.humanistische-union.de\/hu-json\/wp\/v2\/pages\/17262\/revisions"}],"predecessor-version":[{"id":20493,"href":"https:\/\/www.humanistische-union.de\/hu-json\/wp\/v2\/pages\/17262\/revisions\/20493"}],"up":[{"embeddable":true,"href":"https:\/\/www.humanistische-union.de\/hu-json\/wp\/v2\/pages\/15247"}],"wp:attachment":[{"href":"https:\/\/www.humanistische-union.de\/hu-json\/wp\/v2\/media?parent=17262"}],"wp:term":[{"taxonomy":"post_tag","embeddable":true,"href":"https:\/\/www.humanistische-union.de\/hu-json\/wp\/v2\/tags?post=17262"},{"taxonomy":"autoren","embeddable":true,"href":"https:\/\/www.humanistische-union.de\/hu-json\/wp\/v2\/autoren?post=17262"}],"curies":[{"name":"wp","href":"https:\/\/api.w.org\/{rel}","templated":true}]}}