{"id":20559,"date":"2026-07-13T11:03:41","date_gmt":"2026-07-13T09:03:41","guid":{"rendered":"https:\/\/www.humanistische-union.de\/?post_type=termin&#038;p=20559"},"modified":"2026-07-13T13:32:42","modified_gmt":"2026-07-13T11:32:42","slug":"vorgaenge-im-hier-und-jetzt-weniger-demokratie-wagen-videoaufzeichung","status":"publish","type":"termin","link":"https:\/\/www.humanistische-union.de\/veranstaltungsberichte\/2026\/vorgaenge-im-hier-und-jetzt-weniger-demokratie-wagen-videoaufzeichung\/","title":{"rendered":"vorg\u00e4nge im Hier und Jetzt: Weniger Demokratie wagen? &#8211; Die Videoaufzeichung"},"content":{"rendered":"<p>&#8222;Haben sich die Parteien die Demokratie unter den Nagel gerissen?&#8220; So lautete eine Frage der Moderatorin Laura Schiller bei der Onlinediskussion &#8222;Weniger Demokratie wagen?&#8220; der Humanistischen Union (HU). Stattgefunden hat die <strong>virtuelle Podiumsdiskussion \u00fcber die Zukunft der Demokratie am 16. Juni 2026<\/strong> im Rahmen der Veranstaltungsreihe &#8222;<strong>vor<\/strong><em>g\u00e4nge im Hier und Jetzt&#8220;.<\/em><\/p>\n<p>PD Dr. <strong>Veith Selk<\/strong> sieht nicht nur eine Krise der Demokratie, sondern vor allem eine &#8222;Entplausibilisierung&#8220; der Demokratie. Die Mehrheit bef\u00fcrworte die Demokratie grunds\u00e4tzlich, doch immer mehr Menschen h\u00e4tten Zweifel am Funktionieren der bestehenden Strukturen.<\/p>\n<p>Wirtschaftliche Strukturen als Machtfaktor r\u00fcckte Dr. <strong>Emily Katzenstein<\/strong> ins Zentrum ihrer Betrachtungen \u00fcber Demokratie. Sie forderte, die politische Einflussnahme von Reichen und \u00dcberreichen beispielsweise durch Parteispenden zu begrenzen oder gar zu zerst\u00f6ren. Dabei f\u00fchrt sie auch in aktuelle Ideen der Wirtschaftsdemokratie ein.<\/p>\n<p>Prof. Dr. <strong>Roland Roth<\/strong> pl\u00e4dierte f\u00fcr eine &#8222;vielf\u00e4ltige Demokratie&#8220;, in der unterschiedlichste Ans\u00e4tze im Zusammenspiel miteinander wirken k\u00f6nnen. Demgegen\u00fcber vertreten konservative Kreise die Auffassung, allein die &#8222;minimalistische Demokratie&#8220; verf\u00fcge \u00fcber eine demokratische Legitimation. Darin sieht Roth darin einen Ausdruck von Misstrauen gegen\u00fcber der Bev\u00f6lkerung. Am wirksamsten sei derzeit aber die &#8222;autorit\u00e4re Demokratie&#8220;, die jedoch keine wirkliche Demokratie sei, sondern nur demokratische Strukturen wie Wahlen zur Legitimierung der eigenen Macht benutzt.<\/p>\n<p>Dr. <strong>Katharina Liesenberg<\/strong> zufolge ist die politische Arbeit der meisten politischen Parteien noch nicht im 21. Jahrhundert angekommen. Notwendig sei, m\u00f6glichst vielen Menschen eine Chance auf Selbstwirksamkeit zu er\u00f6ffnen und dieses Erlebnis dann noch zu duplizieren. In ihren eigenen Projekten versucht die Gewerkschafterin und fr\u00fchere Mitarbeiterin der SPD, diesen Ansatz auf Wahlkreisebene umzusetzen.<\/p>\n<p>Dr. <strong>Philip Dingeldey<\/strong> beobachtet einen R\u00fcckgang der Demokratie. Der Bundesgesch\u00e4ftsf\u00fchrer der Humanistischen Union sprach sich f\u00fcr Volksentscheide auf Bundesebene und B\u00fcrgerr\u00e4te, die Volksentscheide vorbereiten, aus. Dies k\u00f6nne nur dann gelingen, wenn zivilgesellschaftliche Akteure Bundestagsparteien dazu bringen k\u00f6nnte, einzusehen, dass sie nicht mehr in der Lage sind, die politische Willensbildung zu monopolisieren.<\/p>\n<p><em>Hier finden Sie die Video-Aufzeichnung der Podiumsdiskussion. Die Publikumsdiskussion im Anschluss wurde nicht aufgezeichnet.<\/em><\/p>\n<p>&nbsp;<\/p>\n<p><video controls=\"controls\" width=\"100%\" height=\"150\"><source src=\"https:\/\/cloud.humanistische-union.de\/index.php\/s\/qSiCKJsmHDaepNm\/download\" type=\"video\/mp4\" \/>Ihr Browser unterst\u00fctzt dieses Videoformat nicht.<\/video><\/p>\n<p>&nbsp;<\/p>\n<p><em>Lekt\u00fcreempfehlung zum Thema: <\/em><a href=\"https:\/\/www.humanistische-union.de\/publikationen\/vorgaenge\/\"><strong>vor<\/strong><em>g\u00e4nge<\/em><\/a> Nr. 252 (= 4\/2025): <a href=\"https:\/\/www.humanistische-union.de\/publikationen\/vorgaenge\/vorg-252\/\">Demokratisierung<\/a>.<em> Dort k\u00f6nnen Sie auch einige der <\/em><strong>vor<\/strong><em>g\u00e4nge-Beitr\u00e4ge zum Thema Demokratisierung kostenlos lesen. Sie k\u00f6nnen diese Ausgabe auch im <a href=\"https:\/\/www.humanistische-union.de\/service\/shop\/vorgaenge\/\">Onlineshop der HU<\/a> kaufen.<\/em><\/p>\n<p><em>Mehr zu unseren Vorschl\u00e4gen zur Demokratisierung, finden Sie auch in unserer Brosch\u00fcre: <a href=\"https:\/\/www.humanistische-union.de\/publikationen\/hu-schriften\/publikation\/demokratisierung-vorschlaege-zur-rettung-der-demokratie\/\">Demokratisierung: Vorschl\u00e4ge zur Rettung der Demokratie<\/a>.<\/em><\/p>\n<p>Weitere\u00a0Aktivit\u00e4ten der HU zur Weiterentwicklung demokratischer Mitwirkungsstrukturen werden folgen.<\/p>\n","protected":false},"featured_media":20563,"template":"","categories":[21,16],"tags":[4587,3222,3994,3983,3023,682,4293,681,722,695,829,3216,4588,3327,4592],"autoren":[135],"class_list":["post-20559","termin","type-termin","status-publish","has-post-thumbnail","hentry","category-demokratisierung","category-rechtspolitik","tag-bund-veranstaltungen","tag-bundestag","tag-buergerrat","tag-cdu","tag-demokratie","tag-demokratisierung","tag-parteiendemokratie","tag-rechtspolitik","tag-termine-bundesverband","tag-veranstaltungen-berichte","tag-veranstaltungsberichte-video","tag-volksentscheid","tag-volksentscheide","tag-vorgaenge","tag-vorgaenge-im-hier-und-jetzt","autoren-franz-josef-hanke"],"acf":[],"yoast_head":"<!-- This site is optimized with the Yoast SEO plugin v28.4 - https:\/\/yoast.com\/product\/yoast-seo-wordpress\/ -->\n<title>vorg\u00e4nge im Hier und Jetzt: Weniger Demokratie wagen? - Die Videoaufzeichung - Humanistische Union<\/title>\n<meta name=\"robots\" content=\"index, follow, max-snippet:-1, max-image-preview:large, max-video-preview:-1\" \/>\n<link rel=\"canonical\" href=\"https:\/\/www.humanistische-union.de\/veranstaltungsberichte\/2026\/vorgaenge-im-hier-und-jetzt-weniger-demokratie-wagen-videoaufzeichung\/\" \/>\n<meta property=\"og:locale\" content=\"de_DE\" \/>\n<meta property=\"og:type\" content=\"article\" \/>\n<meta property=\"og:title\" content=\"vorg\u00e4nge im Hier und Jetzt: Weniger Demokratie wagen? - Die Videoaufzeichung - Humanistische Union\" \/>\n<meta property=\"og:description\" content=\"&#8222;Haben sich die Parteien die Demokratie unter den Nagel gerissen?&#8220; So lautete eine Frage der Moderatorin Laura Schiller bei der Onlinediskussion &#8222;Weniger Demokratie wagen?&#8220; der Humanistischen Union (HU). Stattgefunden hat die virtuelle Podiumsdiskussion \u00fcber die Zukunft der Demokratie am 16. Juni 2026 im Rahmen der Veranstaltungsreihe &#8222;vorg\u00e4nge im Hier und Jetzt&#8220;. PD Dr. Veith Selk [weiterlesen]\" \/>\n<meta property=\"og:url\" content=\"https:\/\/www.humanistische-union.de\/veranstaltungsberichte\/2026\/vorgaenge-im-hier-und-jetzt-weniger-demokratie-wagen-videoaufzeichung\/\" \/>\n<meta property=\"og:site_name\" content=\"Humanistische Union\" \/>\n<meta property=\"article:modified_time\" content=\"2026-07-13T11:32:42+00:00\" \/>\n<meta property=\"og:image\" content=\"https:\/\/www.humanistische-union.de\/wp-content\/uploads\/2026\/06\/lucas-lemoine-RGjPqHD_v_k-unsplash-1-scaled-e1782207393853.jpg\" \/>\n\t<meta property=\"og:image:width\" content=\"1150\" \/>\n\t<meta property=\"og:image:height\" content=\"828\" \/>\n\t<meta property=\"og:image:type\" content=\"image\/jpeg\" \/>\n<meta name=\"twitter:card\" content=\"summary_large_image\" \/>\n<meta name=\"twitter:site\" content=\"@humunion\" \/>\n<meta name=\"twitter:label1\" content=\"Gesch\u00e4tzte Lesezeit\" \/>\n\t<meta name=\"twitter:data1\" content=\"3\u00a0Minuten\" \/>\n<script type=\"application\/ld+json\" class=\"yoast-schema-graph\">{\"@context\":\"https:\\\/\\\/schema.org\",\"@graph\":[{\"@type\":\"WebPage\",\"@id\":\"https:\\\/\\\/www.humanistische-union.de\\\/veranstaltungsberichte\\\/2026\\\/vorgaenge-im-hier-und-jetzt-weniger-demokratie-wagen-videoaufzeichung\\\/\",\"url\":\"https:\\\/\\\/www.humanistische-union.de\\\/veranstaltungsberichte\\\/2026\\\/vorgaenge-im-hier-und-jetzt-weniger-demokratie-wagen-videoaufzeichung\\\/\",\"name\":\"vorg\u00e4nge im Hier und Jetzt: Weniger Demokratie wagen? - Die Videoaufzeichung - Humanistische Union\",\"isPartOf\":{\"@id\":\"https:\\\/\\\/www.humanistische-union.de\\\/#website\"},\"primaryImageOfPage\":{\"@id\":\"https:\\\/\\\/www.humanistische-union.de\\\/veranstaltungsberichte\\\/2026\\\/vorgaenge-im-hier-und-jetzt-weniger-demokratie-wagen-videoaufzeichung\\\/#primaryimage\"},\"image\":{\"@id\":\"https:\\\/\\\/www.humanistische-union.de\\\/veranstaltungsberichte\\\/2026\\\/vorgaenge-im-hier-und-jetzt-weniger-demokratie-wagen-videoaufzeichung\\\/#primaryimage\"},\"thumbnailUrl\":\"https:\\\/\\\/www.humanistische-union.de\\\/wp-content\\\/uploads\\\/2026\\\/06\\\/lucas-lemoine-RGjPqHD_v_k-unsplash-1-scaled-e1782207393853.jpg\",\"datePublished\":\"2026-07-13T09:03:41+00:00\",\"dateModified\":\"2026-07-13T11:32:42+00:00\",\"breadcrumb\":{\"@id\":\"https:\\\/\\\/www.humanistische-union.de\\\/veranstaltungsberichte\\\/2026\\\/vorgaenge-im-hier-und-jetzt-weniger-demokratie-wagen-videoaufzeichung\\\/#breadcrumb\"},\"inLanguage\":\"de\",\"potentialAction\":[{\"@type\":\"ReadAction\",\"target\":[\"https:\\\/\\\/www.humanistische-union.de\\\/veranstaltungsberichte\\\/2026\\\/vorgaenge-im-hier-und-jetzt-weniger-demokratie-wagen-videoaufzeichung\\\/\"]}]},{\"@type\":\"ImageObject\",\"inLanguage\":\"de\",\"@id\":\"https:\\\/\\\/www.humanistische-union.de\\\/veranstaltungsberichte\\\/2026\\\/vorgaenge-im-hier-und-jetzt-weniger-demokratie-wagen-videoaufzeichung\\\/#primaryimage\",\"url\":\"https:\\\/\\\/www.humanistische-union.de\\\/wp-content\\\/uploads\\\/2026\\\/06\\\/lucas-lemoine-RGjPqHD_v_k-unsplash-1-scaled-e1782207393853.jpg\",\"contentUrl\":\"https:\\\/\\\/www.humanistische-union.de\\\/wp-content\\\/uploads\\\/2026\\\/06\\\/lucas-lemoine-RGjPqHD_v_k-unsplash-1-scaled-e1782207393853.jpg\",\"width\":1150,\"height\":828},{\"@type\":\"BreadcrumbList\",\"@id\":\"https:\\\/\\\/www.humanistische-union.de\\\/veranstaltungsberichte\\\/2026\\\/vorgaenge-im-hier-und-jetzt-weniger-demokratie-wagen-videoaufzeichung\\\/#breadcrumb\",\"itemListElement\":[{\"@type\":\"ListItem\",\"position\":1,\"name\":\"Termine\",\"item\":\"https:\\\/\\\/www.humanistische-union.de\\\/termine\\\/%year%\\\/\"},{\"@type\":\"ListItem\",\"position\":2,\"name\":\"Demokratisierung\",\"item\":\"https:\\\/\\\/www.humanistische-union.de\\\/themen\\\/demokratisierung\\\/\"},{\"@type\":\"ListItem\",\"position\":3,\"name\":\"vorg\u00e4nge im Hier und Jetzt: Weniger Demokratie wagen? &#8211; Die Videoaufzeichung\"}]},{\"@type\":\"WebSite\",\"@id\":\"https:\\\/\\\/www.humanistische-union.de\\\/#website\",\"url\":\"https:\\\/\\\/www.humanistische-union.de\\\/\",\"name\":\"Humanistische Union\",\"description\":\"\",\"publisher\":{\"@id\":\"https:\\\/\\\/www.humanistische-union.de\\\/#organization\"},\"potentialAction\":[{\"@type\":\"SearchAction\",\"target\":{\"@type\":\"EntryPoint\",\"urlTemplate\":\"https:\\\/\\\/www.humanistische-union.de\\\/?s={search_term_string}\"},\"query-input\":{\"@type\":\"PropertyValueSpecification\",\"valueRequired\":true,\"valueName\":\"search_term_string\"}}],\"inLanguage\":\"de\"},{\"@type\":\"Organization\",\"@id\":\"https:\\\/\\\/www.humanistische-union.de\\\/#organization\",\"name\":\"Humanistische Union e.V.\",\"url\":\"https:\\\/\\\/www.humanistische-union.de\\\/\",\"logo\":{\"@type\":\"ImageObject\",\"inLanguage\":\"de\",\"@id\":\"https:\\\/\\\/www.humanistische-union.de\\\/#\\\/schema\\\/logo\\\/image\\\/\",\"url\":\"https:\\\/\\\/www.humanistische-union.de\\\/wp-content\\\/uploads\\\/2023\\\/09\\\/HU-LOGO-blau_RGB-high-scaled-e1704725806773.jpg\",\"contentUrl\":\"https:\\\/\\\/www.humanistische-union.de\\\/wp-content\\\/uploads\\\/2023\\\/09\\\/HU-LOGO-blau_RGB-high-scaled-e1704725806773.jpg\",\"width\":1000,\"height\":536,\"caption\":\"Humanistische Union e.V.\"},\"image\":{\"@id\":\"https:\\\/\\\/www.humanistische-union.de\\\/#\\\/schema\\\/logo\\\/image\\\/\"},\"sameAs\":[\"https:\\\/\\\/x.com\\\/humunion\",\"https:\\\/\\\/mastodon.social\\\/@humunion\",\"https:\\\/\\\/bsky.app\\\/profile\\\/humanistischeunion.bsky.social\"]}]}<\/script>\n<!-- \/ Yoast SEO plugin. -->","yoast_head_json":{"title":"vorg\u00e4nge im Hier und Jetzt: Weniger Demokratie wagen? - Die Videoaufzeichung - Humanistische Union","robots":{"index":"index","follow":"follow","max-snippet":"max-snippet:-1","max-image-preview":"max-image-preview:large","max-video-preview":"max-video-preview:-1"},"canonical":"https:\/\/www.humanistische-union.de\/veranstaltungsberichte\/2026\/vorgaenge-im-hier-und-jetzt-weniger-demokratie-wagen-videoaufzeichung\/","og_locale":"de_DE","og_type":"article","og_title":"vorg\u00e4nge im Hier und Jetzt: Weniger Demokratie wagen? - Die Videoaufzeichung - Humanistische Union","og_description":"&#8222;Haben sich die Parteien die Demokratie unter den Nagel gerissen?&#8220; So lautete eine Frage der Moderatorin Laura Schiller bei der Onlinediskussion &#8222;Weniger Demokratie wagen?&#8220; der Humanistischen Union (HU). Stattgefunden hat die virtuelle Podiumsdiskussion \u00fcber die Zukunft der Demokratie am 16. Juni 2026 im Rahmen der Veranstaltungsreihe &#8222;vorg\u00e4nge im Hier und Jetzt&#8220;. PD Dr. Veith Selk [weiterlesen]","og_url":"https:\/\/www.humanistische-union.de\/veranstaltungsberichte\/2026\/vorgaenge-im-hier-und-jetzt-weniger-demokratie-wagen-videoaufzeichung\/","og_site_name":"Humanistische Union","article_modified_time":"2026-07-13T11:32:42+00:00","og_image":[{"width":1150,"height":828,"url":"https:\/\/www.humanistische-union.de\/wp-content\/uploads\/2026\/06\/lucas-lemoine-RGjPqHD_v_k-unsplash-1-scaled-e1782207393853.jpg","type":"image\/jpeg"}],"twitter_card":"summary_large_image","twitter_site":"@humunion","twitter_misc":{"Gesch\u00e4tzte Lesezeit":"3\u00a0Minuten"},"schema":{"@context":"https:\/\/schema.org","@graph":[{"@type":"WebPage","@id":"https:\/\/www.humanistische-union.de\/veranstaltungsberichte\/2026\/vorgaenge-im-hier-und-jetzt-weniger-demokratie-wagen-videoaufzeichung\/","url":"https:\/\/www.humanistische-union.de\/veranstaltungsberichte\/2026\/vorgaenge-im-hier-und-jetzt-weniger-demokratie-wagen-videoaufzeichung\/","name":"vorg\u00e4nge im Hier und Jetzt: Weniger Demokratie wagen? - Die Videoaufzeichung - Humanistische Union","isPartOf":{"@id":"https:\/\/www.humanistische-union.de\/#website"},"primaryImageOfPage":{"@id":"https:\/\/www.humanistische-union.de\/veranstaltungsberichte\/2026\/vorgaenge-im-hier-und-jetzt-weniger-demokratie-wagen-videoaufzeichung\/#primaryimage"},"image":{"@id":"https:\/\/www.humanistische-union.de\/veranstaltungsberichte\/2026\/vorgaenge-im-hier-und-jetzt-weniger-demokratie-wagen-videoaufzeichung\/#primaryimage"},"thumbnailUrl":"https:\/\/www.humanistische-union.de\/wp-content\/uploads\/2026\/06\/lucas-lemoine-RGjPqHD_v_k-unsplash-1-scaled-e1782207393853.jpg","datePublished":"2026-07-13T09:03:41+00:00","dateModified":"2026-07-13T11:32:42+00:00","breadcrumb":{"@id":"https:\/\/www.humanistische-union.de\/veranstaltungsberichte\/2026\/vorgaenge-im-hier-und-jetzt-weniger-demokratie-wagen-videoaufzeichung\/#breadcrumb"},"inLanguage":"de","potentialAction":[{"@type":"ReadAction","target":["https:\/\/www.humanistische-union.de\/veranstaltungsberichte\/2026\/vorgaenge-im-hier-und-jetzt-weniger-demokratie-wagen-videoaufzeichung\/"]}]},{"@type":"ImageObject","inLanguage":"de","@id":"https:\/\/www.humanistische-union.de\/veranstaltungsberichte\/2026\/vorgaenge-im-hier-und-jetzt-weniger-demokratie-wagen-videoaufzeichung\/#primaryimage","url":"https:\/\/www.humanistische-union.de\/wp-content\/uploads\/2026\/06\/lucas-lemoine-RGjPqHD_v_k-unsplash-1-scaled-e1782207393853.jpg","contentUrl":"https:\/\/www.humanistische-union.de\/wp-content\/uploads\/2026\/06\/lucas-lemoine-RGjPqHD_v_k-unsplash-1-scaled-e1782207393853.jpg","width":1150,"height":828},{"@type":"BreadcrumbList","@id":"https:\/\/www.humanistische-union.de\/veranstaltungsberichte\/2026\/vorgaenge-im-hier-und-jetzt-weniger-demokratie-wagen-videoaufzeichung\/#breadcrumb","itemListElement":[{"@type":"ListItem","position":1,"name":"Termine","item":"https:\/\/www.humanistische-union.de\/termine\/%year%\/"},{"@type":"ListItem","position":2,"name":"Demokratisierung","item":"https:\/\/www.humanistische-union.de\/themen\/demokratisierung\/"},{"@type":"ListItem","position":3,"name":"vorg\u00e4nge im Hier und Jetzt: Weniger Demokratie wagen? &#8211; Die Videoaufzeichung"}]},{"@type":"WebSite","@id":"https:\/\/www.humanistische-union.de\/#website","url":"https:\/\/www.humanistische-union.de\/","name":"Humanistische Union","description":"","publisher":{"@id":"https:\/\/www.humanistische-union.de\/#organization"},"potentialAction":[{"@type":"SearchAction","target":{"@type":"EntryPoint","urlTemplate":"https:\/\/www.humanistische-union.de\/?s={search_term_string}"},"query-input":{"@type":"PropertyValueSpecification","valueRequired":true,"valueName":"search_term_string"}}],"inLanguage":"de"},{"@type":"Organization","@id":"https:\/\/www.humanistische-union.de\/#organization","name":"Humanistische Union e.V.","url":"https:\/\/www.humanistische-union.de\/","logo":{"@type":"ImageObject","inLanguage":"de","@id":"https:\/\/www.humanistische-union.de\/#\/schema\/logo\/image\/","url":"https:\/\/www.humanistische-union.de\/wp-content\/uploads\/2023\/09\/HU-LOGO-blau_RGB-high-scaled-e1704725806773.jpg","contentUrl":"https:\/\/www.humanistische-union.de\/wp-content\/uploads\/2023\/09\/HU-LOGO-blau_RGB-high-scaled-e1704725806773.jpg","width":1000,"height":536,"caption":"Humanistische Union e.V."},"image":{"@id":"https:\/\/www.humanistische-union.de\/#\/schema\/logo\/image\/"},"sameAs":["https:\/\/x.com\/humunion","https:\/\/mastodon.social\/@humunion","https:\/\/bsky.app\/profile\/humanistischeunion.bsky.social"]}]}},"_links":{"self":[{"href":"https:\/\/www.humanistische-union.de\/hu-json\/wp\/v2\/termin\/20559","targetHints":{"allow":["GET"]}}],"collection":[{"href":"https:\/\/www.humanistische-union.de\/hu-json\/wp\/v2\/termin"}],"about":[{"href":"https:\/\/www.humanistische-union.de\/hu-json\/wp\/v2\/types\/termin"}],"wp:featuredmedia":[{"embeddable":true,"href":"https:\/\/www.humanistische-union.de\/hu-json\/wp\/v2\/media\/20563"}],"wp:attachment":[{"href":"https:\/\/www.humanistische-union.de\/hu-json\/wp\/v2\/media?parent=20559"}],"wp:term":[{"taxonomy":"category","embeddable":true,"href":"https:\/\/www.humanistische-union.de\/hu-json\/wp\/v2\/categories?post=20559"},{"taxonomy":"post_tag","embeddable":true,"href":"https:\/\/www.humanistische-union.de\/hu-json\/wp\/v2\/tags?post=20559"},{"taxonomy":"autoren","embeddable":true,"href":"https:\/\/www.humanistische-union.de\/hu-json\/wp\/v2\/autoren?post=20559"}],"curies":[{"name":"wp","href":"https:\/\/api.w.org\/{rel}","templated":true}]}}